{"id":1480,"date":"2024-09-24T18:38:14","date_gmt":"2024-09-24T17:38:14","guid":{"rendered":"https:\/\/exploremulhouse.fr\/?page_id=1480"},"modified":"2024-09-29T11:40:59","modified_gmt":"2024-09-29T10:40:59","slug":"chronologie","status":"publish","type":"page","link":"https:\/\/exploremulhouse.fr\/tr\/chronologie\/","title":{"rendered":"Chronologie"},"content":{"rendered":"<div data-elementor-type=\"wp-page\" data-elementor-id=\"1480\" class=\"elementor elementor-1480\">\n\t\t\t\t<div class=\"elementor-element elementor-element-4dc119b2 e-flex e-con-boxed e-con e-parent\" data-id=\"4dc119b2\" data-element_type=\"container\">\n\t\t\t\t\t<div class=\"e-con-inner\">\n\t\t\t\t<div class=\"elementor-element elementor-element-27125573 elementor-widget elementor-widget-image\" data-id=\"27125573\" data-element_type=\"widget\" data-widget_type=\"image.default\">\n\t\t\t\t<div class=\"elementor-widget-container\">\n\t\t\t\t\t\t\t\t\t\t\t\t\t<img fetchpriority=\"high\" decoding=\"async\" width=\"1920\" height=\"704\" src=\"https:\/\/exploremulhouse.fr\/wp-content\/uploads\/2024\/09\/chronologie-cover.webp\" class=\"attachment-full size-full wp-image-1482\" alt=\"Chronologie\" srcset=\"https:\/\/exploremulhouse.fr\/wp-content\/uploads\/2024\/09\/chronologie-cover.webp 1920w, https:\/\/exploremulhouse.fr\/wp-content\/uploads\/2024\/09\/chronologie-cover-300x110.webp 300w, https:\/\/exploremulhouse.fr\/wp-content\/uploads\/2024\/09\/chronologie-cover-1024x375.webp 1024w, https:\/\/exploremulhouse.fr\/wp-content\/uploads\/2024\/09\/chronologie-cover-768x282.webp 768w, https:\/\/exploremulhouse.fr\/wp-content\/uploads\/2024\/09\/chronologie-cover-1536x563.webp 1536w, https:\/\/exploremulhouse.fr\/wp-content\/uploads\/2024\/09\/chronologie-cover-18x7.webp 18w\" sizes=\"(max-width: 1920px) 100vw, 1920px\" \/>\t\t\t\t\t\t\t\t\t\t\t\t\t<\/div>\n\t\t\t\t<\/div>\n\t\t\t\t<div class=\"elementor-element elementor-element-51009944 elementor-widget elementor-widget-heading\" data-id=\"51009944\" data-element_type=\"widget\" data-widget_type=\"heading.default\">\n\t\t\t\t<div class=\"elementor-widget-container\">\n\t\t\t<h1 class=\"elementor-heading-title elementor-size-default\">Mulhouse, y\u00fczy\u0131llar\u0131n tan\u0131\u011f\u0131<\/h1>\t\t<\/div>\n\t\t\t\t<\/div>\n\t\t\t\t<div class=\"elementor-element elementor-element-678ea4bb elementor-widget elementor-widget-heading\" data-id=\"678ea4bb\" data-element_type=\"widget\" data-widget_type=\"heading.default\">\n\t\t\t\t<div class=\"elementor-widget-container\">\n\t\t\t<h3 class=\"elementor-heading-title elementor-size-default\">Kelt be\u015fi\u011finden modern \u015fehre: S\u00fcrekli hareket halinde bir \u015fehir<\/h3>\t\t<\/div>\n\t\t\t\t<\/div>\n\t\t\t\t<div class=\"elementor-element elementor-element-63f17321 elementor-widget elementor-widget-text-editor\" data-id=\"63f17321\" data-element_type=\"widget\" data-widget_type=\"text-editor.default\">\n\t\t\t\t<div class=\"elementor-widget-container\">\n\t\t\t\t\t\t\t<p>Mulhouse'un b\u00fcy\u00fcleyici tarihini ke\u015ffedin; M\u00d6 1000'deki Keltik k\u00f6kenlerinden b\u00fcy\u00fck end\u00fcstriyel rol\u00fcne ve 2024'teki son ekolojik d\u00f6n\u00fc\u015f\u00fcmlerine kadar \u00e7a\u011flar\u0131 a\u015fan bir \u015fehir. Her d\u00f6nem kal\u0131c\u0131 bir iz b\u0131rakm\u0131\u015ft\u0131r. Bug\u00fcn, \u00e7e\u015fitli ve \u00f6zverili bir n\u00fcfus taraf\u0131ndan desteklenen Mulhouse, kendini s\u00fcrekli olarak yeniden icat ediyor. Gelenek ve yenilik aras\u0131ndaki m\u00fckemmel dengeyi somutla\u015ft\u0131r\u0131yor; her ta\u015f ve her sokak, zengin bir ge\u00e7mi\u015fin, dinamik bir bug\u00fcn\u00fcn ve umut verici bir gelece\u011fin tan\u0131\u011f\u0131d\u0131r.<\/p>\t\t\t\t\t\t<\/div>\n\t\t\t\t<\/div>\n\t\t\t\t\t<\/div>\n\t\t\t\t<\/div>\n\t\t<div class=\"elementor-element elementor-element-4ca63cc8 e-flex e-con-boxed e-con e-parent\" data-id=\"4ca63cc8\" data-element_type=\"container\">\n\t\t\t\t\t<div class=\"e-con-inner\">\n\t\t\t\t<div class=\"elementor-element elementor-element-cfb81c8 elementor-widget elementor-widget-shortcode\" data-id=\"cfb81c8\" data-element_type=\"widget\" data-widget_type=\"shortcode.default\">\n\t\t\t\t<div class=\"elementor-widget-container\">\n\t\t\t\t\t<div class=\"elementor-shortcode\"> <div class=\"h5p-iframe-wrapper\"><iframe id=\"h5p-iframe-1\" class=\"h5p-iframe\" data-content-id=\"1\" style=\"height:1px\" src=\"about:blank\" frameborder=\"0\" scrolling=\"no\" title=\"Chronologie\"><\/iframe><\/div> <\/div>\n\t\t\t\t<\/div>\n\t\t\t\t<\/div>\n\t\t\t\t<div class=\"elementor-element elementor-element-b645896 elementor-widget elementor-widget-html\" data-id=\"b645896\" data-element_type=\"widget\" data-widget_type=\"html.default\">\n\t\t\t\t<div class=\"elementor-widget-container\">\n\t\t\t<div class=\"col-md-12 block-type-text block-field-sources sources\">\n\t<div class=\"element content-block wp-editor-content\">\n\t\t<div class=\"pf-head\">\n\t\t\t<div class=\"title-style-1\">\n\t\t\t\t<i class=\"fab fa-sourcetree\"><\/i>\n\t\t\t\t<h5>Kaynaklar<\/h5>\n\t\t\t<\/div>\n\t\t<\/div>\n\t\t<div class=\"pf-body\">\n<p><a href=\"https:\/\/fr.wikipedia.org\/wiki\/A\u00e9roport_international_de_B\u00e2le-Mulhouse\" target=\"_new\" rel=\"noopener\">Wikipedia - A\u00e9roport international de B\u00e2le-Mulhouse<\/a> - <a href=\"https:\/\/mapcarta.com\" target=\"_new\" rel=\"noopener\">Mapcarta - Bourtzwille<\/a> - <a href=\"Wikipedia - Tramway de Mulhouse\" target=\"_new\">https:\/\/fr.wikipedia.org\/wiki\/Tramway_de_Mulhouse<\/a> - <a href=\"https:\/\/fr.wikipedia.org\/wiki\/Tram-train_Mulhouse_Vall\u00e9e_de_la_Thur\" target=\"_new\" rel=\"noopener\">Wikipedia - Tram-train Mulhouse Vall\u00e9e de la Thur<\/a> - <a href=\"https:\/\/fr.wikipedia.org\/wiki\/TGV_Rhin-Rh%C3%B4ne\" target=\"_new\" rel=\"noopener\">Wikipedia - TGV Rhin-Rh\u00f4ne<\/a> - <a href=\"https:\/\/www.facs-patrimoine-ferroviaire.fr\" target=\"_new\" rel=\"noopener\">FACS - Tram-train et tramways de Mulhouse<\/a> - <a href=\"https:\/\/www.m2a.fr\" target=\"_new\" rel=\"noopener\">m2A - Mulhouse Alsace Agglom\u00e9ration - Tram-train<\/a> - <a href=\"https:\/\/de.wikipedia.org\/wiki\/Tram-Train_Mulhouse-Vall\u00e9e_de_la_Thur\" target=\"_new\" rel=\"noopener\">Wikipedia - Mulhouse Tramway (version allemande)<\/a> - <a href=\"https:\/\/www.lelivrescolaire.fr\/page\/30671357\" target=\"_new\" rel=\"noopener\">Le Livre Scolaire<\/a> - <a href=\"https:\/\/frenchmoments.eu\/mulhouse-history\/\" target=\"_new\" rel=\"noopener\">French Moments - Mulhouse History<\/a> - <a href=\"https:\/\/hal.science\/hal-01272292\/document\" target=\"_new\" rel=\"noopener\">HAL Archives Ouvertes - Mulhouse and its History<\/a> - <a href=\"https:\/\/structurae.net\/fr\/ouvrages\/gare-de-mulhouse-ville\" target=\"_new\" rel=\"noopener\">Structurae - Gare de Mulhouse Ville<\/a> - <a href=\"https:\/\/histoires-et-lieux-alsace.com\/2020\/11\/mulhouse-cite-industrielle.html\" target=\"_new\" rel=\"noopener\">Histoires et Lieux d'Alsace\n<\/a> - <a href=\"https:\/\/www.vhc-magazine.fr\/2022\/02\/40-ans-du-musee-national-de-lautomobile-collection-schlumpf\/\" target=\"_new\" rel=\"noopener\">\nVHC magazine<\/a> - <a href=\"https:\/\/assoschick.alsace\/2021\/06\/24\/chronologie-sommaire-de-lhistoire-mulhousienne\/\" target=\"_new\" rel=\"noopener\">Extrait de L\u2019Histoire de Mulhouse en 111 dates<\/a><\/p>\n\t\t<\/div>\n\t<\/div>\n<\/div>\t\t<\/div>\n\t\t\t\t<\/div>\n\t\t\t\t<div class=\"elementor-element elementor-element-40289aa elementor-widget elementor-widget-spacer\" data-id=\"40289aa\" data-element_type=\"widget\" data-widget_type=\"spacer.default\">\n\t\t\t\t<div class=\"elementor-widget-container\">\n\t\t\t\t\t<div class=\"elementor-spacer\">\n\t\t\t<div class=\"elementor-spacer-inner\"><\/div>\n\t\t<\/div>\n\t\t\t\t<\/div>\n\t\t\t\t<\/div>\n\t\t\t\t\t<\/div>\n\t\t\t\t<\/div>\n\t\t<div class=\"elementor-element elementor-element-bd646cc e-flex e-con-boxed e-con e-parent\" data-id=\"bd646cc\" data-element_type=\"container\">\n\t\t\t\t\t<div class=\"e-con-inner\">\n\t\t\t\t<div class=\"elementor-element elementor-element-91b7b76 elementor-widget elementor-widget-heading\" data-id=\"91b7b76\" data-element_type=\"widget\" data-widget_type=\"heading.default\">\n\t\t\t\t<div class=\"elementor-widget-container\">\n\t\t\t<h1 class=\"elementor-heading-title elementor-size-default\">Mulhouse'un Tarihi Planlar\u0131<\/h1>\t\t<\/div>\n\t\t\t\t<\/div>\n\t\t\t\t<div class=\"elementor-element elementor-element-f3dcaae elementor-widget elementor-widget-heading\" data-id=\"f3dcaae\" data-element_type=\"widget\" data-widget_type=\"heading.default\">\n\t\t\t\t<div class=\"elementor-widget-container\">\n\t\t\t<h3 class=\"elementor-heading-title elementor-size-default\">1642'den 1943'e \u015eehrin Kartografik Evrimi<\/h3>\t\t<\/div>\n\t\t\t\t<\/div>\n\t\t\t\t<div class=\"elementor-element elementor-element-936c230 elementor-widget elementor-widget-text-editor\" data-id=\"936c230\" data-element_type=\"widget\" data-widget_type=\"text-editor.default\">\n\t\t\t\t<div class=\"elementor-widget-container\">\n\t\t\t\t\t\t\t<p>1642 ile 1943 y\u0131llar\u0131 aras\u0131nda Mulhouse'un d\u00f6n\u00fc\u015f\u00fcmlerini izleyen tarihi planlar\u0131 ke\u015ffedin. Bu haritalar arac\u0131l\u0131\u011f\u0131yla, \u015fehrin kentsel evrimini ke\u015ffedeceksiniz: ilk tahkimatlar\u0131, 19. y\u00fczy\u0131l\u0131n end\u00fcstriyel geni\u015flemeleri ve iki d\u00fcnya sava\u015f\u0131na ba\u011fl\u0131 alt\u00fcst olu\u015flar\u0131. Her plan, Mulhouse'un tarihine a\u00e7\u0131lan bir penceredir; sokaklar\u0131n\u0131n, binalar\u0131n\u0131n ve mahallelerinin y\u00fczy\u0131llar boyunca nas\u0131l de\u011fi\u015fti\u011fini ortaya koyarak s\u00fcrekli geli\u015fimine tan\u0131kl\u0131k eder.<\/p>\t\t\t\t\t\t<\/div>\n\t\t\t\t<\/div>\n\t\t\t\t<div class=\"elementor-element elementor-element-e77a9bc elementor-widget elementor-widget-wptl_hozizontal\" data-id=\"e77a9bc\" data-element_type=\"widget\" data-widget_type=\"wptl_hozizontal.default\">\n\t\t\t\t<div class=\"elementor-widget-container\">\n\t\t\t<script>if (typeof (Wptl_El_Sp) !== \"undefined\" && Wptl_El_Sp!==null) { Wptl_El_Sp.timelines_hoz(); }<\/script>\t\t<\/div>\n\t\t\t\t<\/div>\n\t\t\t\t<div class=\"elementor-element elementor-element-aedbdca elementor-widget elementor-widget-spacer\" data-id=\"aedbdca\" data-element_type=\"widget\" data-widget_type=\"spacer.default\">\n\t\t\t\t<div class=\"elementor-widget-container\">\n\t\t\t\t\t<div class=\"elementor-spacer\">\n\t\t\t<div class=\"elementor-spacer-inner\"><\/div>\n\t\t<\/div>\n\t\t\t\t<\/div>\n\t\t\t\t<\/div>\n\t\t\t\t<div class=\"elementor-element elementor-element-4cf4b3a elementor-widget elementor-widget-html\" data-id=\"4cf4b3a\" data-element_type=\"widget\" data-widget_type=\"html.default\">\n\t\t\t\t<div class=\"elementor-widget-container\">\n\t\t\t<div class=\"col-md-12 block-type-text block-field-sources sources\">\n\t<div class=\"element content-block wp-editor-content\">\n\t\t<div class=\"pf-head\">\n\t\t\t<div class=\"title-style-1\">\n\t\t\t\t<i class=\"fab fa-sourcetree\"><\/i>\n\t\t\t\t<h5>Kaynaklar<\/h5>\n\t\t\t<\/div>\n\t\t<\/div>\n\t\t<div class=\"pf-body\">\n<p><a href=\"https:\/\/data.opendatasoft.com\/explore\/embed\/dataset\/68224_plans-historiques-de-mulhouse@mulhouse\/table\/?dataChart=eyJxdWVyaWVzIjpbeyJjb25maWciOnsiZGF0YXNldCI6IjY4MjI0X3BsYW5zLWhpc3RvcmlxdWVzLWRlLW11bGhvdXNlQG11bGhvdXNlIiwib3B0aW9ucyI6e319LCJjaGFydHMiOlt7ImFsaWduTW9udGgiOnRydWUsInR5cGUiOiJsaW5lIiwiZnVuYyI6IkNPVU5UIiwic2NpZW50aWZpY0Rpc3BsYXkiOnRydWUsImNvbG9yIjoiIzE0MkU3QiJ9XSwieEF4aXMiOiJhbm5lZV9kdV9wbGFuIiwibWF4cG9pbnRzIjoiIiwidGltZXNjYWxlIjoieWVhciIsInNvcnQiOiIifV0sImRpc3BsYXlMZWdlbmQiOnRydWUsImFsaWduTW9udGgiOnRydWV9&amp;sort=echelle_du_plan\" target=\"_new\" rel=\"noopener\">Opendatasoft - Plans historiques de Mulhouse<\/a><\/p>\n\t\t<\/div>\n\t<\/div>\n<\/div>\t\t<\/div>\n\t\t\t\t<\/div>\n\t\t\t\t\t<\/div>\n\t\t\t\t<\/div>\n\t\t\t\t<\/div>","protected":false},"excerpt":{"rendered":"<p>Mulhouse, Witness Through the Ages From Celtic Cradle to Modern City: A City in Perpetual Motion Explore the fascinating history of Mulhouse, which spans the ages\u2014from its Celtic origins in 1000 B.C. to its major industrial role and its recent ecological transformations in 2024. Each era has left a lasting mark. Today, Mulhouse, driven by [&hellip;]<\/p>","protected":false},"author":1,"featured_media":0,"parent":0,"menu_order":0,"comment_status":"closed","ping_status":"closed","template":"","meta":{"footnotes":""},"class_list":["post-1480","page","type-page","status-publish","hentry"],"acf":[],"_links":{"self":[{"href":"https:\/\/exploremulhouse.fr\/tr\/wp-json\/wp\/v2\/pages\/1480","targetHints":{"allow":["GET"]}}],"collection":[{"href":"https:\/\/exploremulhouse.fr\/tr\/wp-json\/wp\/v2\/pages"}],"about":[{"href":"https:\/\/exploremulhouse.fr\/tr\/wp-json\/wp\/v2\/types\/page"}],"author":[{"embeddable":true,"href":"https:\/\/exploremulhouse.fr\/tr\/wp-json\/wp\/v2\/users\/1"}],"replies":[{"embeddable":true,"href":"https:\/\/exploremulhouse.fr\/tr\/wp-json\/wp\/v2\/comments?post=1480"}],"version-history":[{"count":73,"href":"https:\/\/exploremulhouse.fr\/tr\/wp-json\/wp\/v2\/pages\/1480\/revisions"}],"predecessor-version":[{"id":1643,"href":"https:\/\/exploremulhouse.fr\/tr\/wp-json\/wp\/v2\/pages\/1480\/revisions\/1643"}],"wp:attachment":[{"href":"https:\/\/exploremulhouse.fr\/tr\/wp-json\/wp\/v2\/media?parent=1480"}],"curies":[{"name":"wp","href":"https:\/\/api.w.org\/{rel}","templated":true}]}}