{"id":643,"date":"2024-08-14T16:03:39","date_gmt":"2024-08-14T15:03:39","guid":{"rendered":"https:\/\/exploremulhouse.fr\/?page_id=643"},"modified":"2024-09-20T21:56:08","modified_gmt":"2024-09-20T20:56:08","slug":"credits","status":"publish","type":"page","link":"https:\/\/exploremulhouse.fr\/de\/credits\/","title":{"rendered":"Credits"},"content":{"rendered":"<div data-elementor-type=\"wp-page\" data-elementor-id=\"643\" class=\"elementor elementor-643\">\n\t\t\t\t<div class=\"elementor-element elementor-element-9c26a7b e-flex e-con-boxed e-con e-parent\" data-id=\"9c26a7b\" data-element_type=\"container\">\n\t\t\t\t\t<div class=\"e-con-inner\">\n\t\t\t\t<div class=\"elementor-element elementor-element-da3262c elementor-widget elementor-widget-image\" data-id=\"da3262c\" data-element_type=\"widget\" data-widget_type=\"image.default\">\n\t\t\t\t<div class=\"elementor-widget-container\">\n\t\t\t\t\t\t\t\t\t\t\t\t\t<img fetchpriority=\"high\" decoding=\"async\" width=\"1024\" height=\"375\" src=\"https:\/\/exploremulhouse.fr\/wp-content\/uploads\/2024\/08\/credit-cover-1024x375.webp\" class=\"attachment-large size-large wp-image-649\" alt=\"\" srcset=\"https:\/\/exploremulhouse.fr\/wp-content\/uploads\/2024\/08\/credit-cover-1024x375.webp 1024w, https:\/\/exploremulhouse.fr\/wp-content\/uploads\/2024\/08\/credit-cover-300x110.webp 300w, https:\/\/exploremulhouse.fr\/wp-content\/uploads\/2024\/08\/credit-cover-768x282.webp 768w, https:\/\/exploremulhouse.fr\/wp-content\/uploads\/2024\/08\/credit-cover-1536x563.webp 1536w, https:\/\/exploremulhouse.fr\/wp-content\/uploads\/2024\/08\/credit-cover-18x7.webp 18w, https:\/\/exploremulhouse.fr\/wp-content\/uploads\/2024\/08\/credit-cover.webp 1920w\" sizes=\"(max-width: 1024px) 100vw, 1024px\" \/>\t\t\t\t\t\t\t\t\t\t\t\t\t<\/div>\n\t\t\t\t<\/div>\n\t\t\t\t<div class=\"elementor-element elementor-element-e106128 elementor-widget elementor-widget-heading\" data-id=\"e106128\" data-element_type=\"widget\" data-widget_type=\"heading.default\">\n\t\t\t\t<div class=\"elementor-widget-container\">\n\t\t\t<h1 class=\"elementor-heading-title elementor-size-default\">Bild- und visuelle Ressourcen-Credits<\/h1>\t\t<\/div>\n\t\t\t\t<\/div>\n\t\t\t\t<div class=\"elementor-element elementor-element-1f4a22e elementor-widget elementor-widget-heading\" data-id=\"1f4a22e\" data-element_type=\"widget\" data-widget_type=\"heading.default\">\n\t\t\t\t<div class=\"elementor-widget-container\">\n\t\t\t<h2 class=\"elementor-heading-title elementor-size-default\">Anerkennung der Mitwirkenden und Quellen, die unsere Website bereichern<\/h2>\t\t<\/div>\n\t\t\t\t<\/div>\n\t\t\t\t<div class=\"elementor-element elementor-element-50a5d0e elementor-widget elementor-widget-text-editor\" data-id=\"50a5d0e\" data-element_type=\"widget\" data-widget_type=\"text-editor.default\">\n\t\t\t\t<div class=\"elementor-widget-container\">\n\t\t\t\t\t\t\t<p>Wir m\u00f6chten den Erstellern und Fotografen danken, deren Werke unsere Website visuell bereichern. Unten finden Sie die Credits f\u00fcr alle auf dieser Website verwendeten Bilder und visuellen Ressourcen. Jedes Bild ist mit Informationen \u00fcber den Autor, die Quelle und die Lizenz versehen, unter der es ver\u00f6ffentlicht wird.<\/p>\t\t\t\t\t\t<\/div>\n\t\t\t\t<\/div>\n\t\t\t\t\t<\/div>\n\t\t\t\t<\/div>\n\t\t<div class=\"elementor-element elementor-element-b2e73ca e-flex e-con-boxed e-con e-parent\" data-id=\"b2e73ca\" data-element_type=\"container\">\n\t\t\t\t\t<div class=\"e-con-inner\">\n\t\t\t\t<div class=\"elementor-element elementor-element-db18ddf elementor-widget elementor-widget-accordion\" data-id=\"db18ddf\" data-element_type=\"widget\" data-widget_type=\"accordion.default\">\n\t\t\t\t<div class=\"elementor-widget-container\">\n\t\t\t\t\t<div class=\"elementor-accordion\">\n\t\t\t\t\t\t\t<div class=\"elementor-accordion-item\">\n\t\t\t\t\t<div id=\"elementor-tab-title-2291\" class=\"elementor-tab-title\" data-tab=\"1\" role=\"button\" aria-controls=\"elementor-tab-content-2291\" aria-expanded=\"false\">\n\t\t\t\t\t\t\t\t\t\t\t\t\t<span class=\"elementor-accordion-icon elementor-accordion-icon-right\" aria-hidden=\"true\">\n\t\t\t\t\t\t\t\t\t\t\t\t\t\t\t<span class=\"elementor-accordion-icon-closed\"><svg class=\"e-font-icon-svg e-fas-plus\" viewbox=\"0 0 448 512\" xmlns=\"http:\/\/www.w3.org\/2000\/svg\"><path d=\"M416 208H272V64c0-17.67-14.33-32-32-32h-32c-17.67 0-32 14.33-32 32v144H32c-17.67 0-32 14.33-32 32v32c0 17.67 14.33 32 32 32h144v144c0 17.67 14.33 32 32 32h32c17.67 0 32-14.33 32-32V304h144c17.67 0 32-14.33 32-32v-32c0-17.67-14.33-32-32-32z\"><\/path><\/svg><\/span>\n\t\t\t\t\t\t\t\t<span class=\"elementor-accordion-icon-opened\"><svg class=\"e-font-icon-svg e-fas-minus\" viewbox=\"0 0 448 512\" xmlns=\"http:\/\/www.w3.org\/2000\/svg\"><path d=\"M416 208H32c-17.67 0-32 14.33-32 32v32c0 17.67 14.33 32 32 32h384c17.67 0 32-14.33 32-32v-32c0-17.67-14.33-32-32-32z\"><\/path><\/svg><\/span>\n\t\t\t\t\t\t\t\t\t\t\t\t\t\t<\/span>\n\t\t\t\t\t\t\t\t\t\t\t\t<a class=\"elementor-accordion-title\" tabindex=\"0\">Historisches Museum<\/a>\n\t\t\t\t\t<\/div>\n\t\t\t\t\t<div id=\"elementor-tab-content-2291\" class=\"elementor-tab-content elementor-clearfix\" data-tab=\"1\" role=\"region\" aria-labelledby=\"elementor-tab-title-2291\">        <ul>\n            <li><a href=\"https:\/\/www.visit.alsace\/234010455-musee-historique-de-mulhouse\/\" target=\"_blank\" rel=\"noopener\">https:\/\/www.visit.alsace\/234010455-musee-historique-de-mulhouse\/<\/a><\/li>\n            <li><a href=\"https:\/\/www.m2a.fr\/culture-tourisme\/musees\/musee-historique\/\" target=\"_blank\" rel=\"noopener\">https:\/\/www.m2a.fr\/culture-tourisme\/musees\/musee-historique\/<\/a><\/li>\n            <li>By User: Uli on Wikivoyage shared, <a href=\"https:\/\/creativecommons.org\/licenses\/by-sa\/3.0\" title=\"Creative Commons Attribution-Share Alike 3.0\" target=\"_blank\" rel=\"noopener\">CC BY-SA 3.0<\/a>, <a href=\"https:\/\/commons.wikimedia.org\/w\/index.php?curid=23133911\" target=\"_blank\" rel=\"noopener\">Link<\/a><\/li>\n            <li>By <a href=\"\/\/commons.wikimedia.org\/wiki\/User:Arnaud_25\" title=\"User:Arnaud 25\" target=\"_blank\">Arnaud 25<\/a> \u2014 <span>Own work<\/span>, <a href=\"https:\/\/creativecommons.org\/licenses\/by-sa\/4.0\" title=\"Creative Commons Attribution-Share Alike 4.0\" target=\"_blank\" rel=\"noopener\">CC BY-SA 4.0<\/a>, <a href=\"https:\/\/commons.wikimedia.org\/w\/index.php?curid=64358164\" target=\"_blank\" rel=\"noopener\">Link<\/a><\/li>\n            <li>By <a href=\"\/\/commons.wikimedia.org\/w\/index.php?title=User:UHF&amp;action=edit&amp;redlink=1\" class=\"new\" title=\"User:UHF (page does not exist)\" target=\"_blank\">UHF<\/a> \u2014 <span>Own work<\/span>, <a href=\"https:\/\/creativecommons.org\/licenses\/by-sa\/3.0\" title=\"Creative Commons Attribution-Share Alike 3.0\" target=\"_blank\" rel=\"noopener\">CC BY-SA 3.0<\/a>, <a href=\"https:\/\/commons.wikimedia.org\/w\/index.php?curid=26201193\" target=\"_blank\" rel=\"noopener\">Link<\/a><\/li>\n            <li>By <a href=\"\/\/commons.wikimedia.org\/wiki\/User:Arnaud_25\" title=\"User:Arnaud 25\" target=\"_blank\">Arnaud 25<\/a> \u2014 <span>Own work<\/span>, <a href=\"https:\/\/creativecommons.org\/licenses\/by-sa\/4.0\" title=\"Creative Commons Attribution-Share Alike 4.0\" target=\"_blank\" rel=\"noopener\">CC BY-SA 4.0<\/a>, <a href=\"https:\/\/commons.wikimedia.org\/w\/index.php?curid=64363205\" target=\"_blank\" rel=\"noopener\">Link<\/a><\/li>\n            <li>By <a href=\"\/\/commons.wikimedia.org\/wiki\/User:Arnaud_25\" title=\"User:Arnaud 25\" target=\"_blank\">Arnaud 25<\/a> \u2014 <span>Own work<\/span>, <a href=\"https:\/\/creativecommons.org\/licenses\/by-sa\/4.0\" title=\"Creative Commons Attribution-Share Alike 4.0\" target=\"_blank\" rel=\"noopener\">CC BY-SA 4.0<\/a>, <a href=\"https:\/\/commons.wikimedia.org\/w\/index.php?curid=64363274\" target=\"_blank\" rel=\"noopener\">Link<\/a><\/li>\n            <li>By <a href=\"\/\/commons.wikimedia.org\/wiki\/User:Arnaud_25\" title=\"User:Arnaud 25\" target=\"_blank\">Arnaud 25<\/a> \u2014 <span>Own work<\/span>, <a href=\"https:\/\/creativecommons.org\/licenses\/by-sa\/4.0\" title=\"Creative Commons Attribution-Share Alike 4.0\" target=\"_blank\" rel=\"noopener\">CC BY-SA 4.0<\/a>, <a href=\"https:\/\/commons.wikimedia.org\/w\/index.php?curid=64359717\" target=\"_blank\" rel=\"noopener\">Link<\/a><\/li>\n            <li>By <a href=\"\/\/commons.wikimedia.org\/wiki\/User:Arnaud_25\" title=\"User:Arnaud 25\" target=\"_blank\">Arnaud 25<\/a> \u2014 <span>Own work<\/span>, <a href=\"https:\/\/creativecommons.org\/licenses\/by-sa\/4.0\" title=\"Creative Commons Attribution-Share Alike 4.0\" target=\"_blank\" rel=\"noopener\">CC BY-SA 4.0<\/a>, <a href=\"https:\/\/commons.wikimedia.org\/w\/index.php?curid=64357983\" target=\"_blank\" rel=\"noopener\">Link<\/a><\/li>\n            <li>By <a href=\"\/\/commons.wikimedia.org\/wiki\/User:Arnaud_25\" title=\"User:Arnaud 25\" target=\"_blank\">Arnaud 25<\/a> \u2014 <span>Own work<\/span>, <a href=\"https:\/\/creativecommons.org\/licenses\/by-sa\/4.0\" title=\"Creative Commons Attribution-Share Alike 4.0\" target=\"_blank\" rel=\"noopener\">CC BY-SA 4.0<\/a>, <a href=\"https:\/\/commons.wikimedia.org\/w\/index.php?curid=64360757\" target=\"_blank\" rel=\"noopener\">Link<\/a><\/li>\n            <li>By <a href=\"\/\/commons.wikimedia.org\/wiki\/User:Arnaud_25\" title=\"User:Arnaud 25\" target=\"_blank\">Arnaud 25<\/a> \u2014 <span>Own work<\/span>, <a href=\"https:\/\/creativecommons.org\/licenses\/by-sa\/4.0\" title=\"Creative Commons Attribution-Share Alike 4.0\" target=\"_blank\" rel=\"noopener\">CC BY-SA 4.0<\/a>, <a href=\"https:\/\/commons.wikimedia.org\/w\/index.php?curid=64359132\" target=\"_blank\" rel=\"noopener\">Link<\/a><\/li>\n            <li>By <a href=\"\/\/commons.wikimedia.org\/wiki\/User:Arnaud_25\" title=\"User:Arnaud 25\" target=\"_blank\">Arnaud 25<\/a> \u2014 <span>Own work<\/span>, <a href=\"https:\/\/creativecommons.org\/licenses\/by-sa\/4.0\" title=\"Creative Commons Attribution-Share Alike 4.0\" target=\"_blank\" rel=\"noopener\">CC BY-SA 4.0<\/a>, <a href=\"https:\/\/commons.wikimedia.org\/w\/index.php?curid=64361272\" target=\"_blank\" rel=\"noopener\">Link<\/a><\/li>\n            <li>By <a href=\"\/\/commons.wikimedia.org\/wiki\/User:Arnaud_25\" title=\"User:Arnaud 25\" target=\"_blank\">Arnaud 25<\/a> \u2014 <span>Own work<\/span>, <a href=\"https:\/\/creativecommons.org\/licenses\/by-sa\/4.0\" title=\"Creative Commons Attribution-Share Alike 4.0\" target=\"_blank\" rel=\"noopener\">CC BY-SA 4.0<\/a>, <a href=\"https:\/\/commons.wikimedia.org\/w\/index.php?curid=64334877\" target=\"_blank\" rel=\"noopener\">Link<\/a><\/li>\n            <li>By <a href=\"\/\/commons.wikimedia.org\/wiki\/User:Arnaud_25\" title=\"User:Arnaud 25\" target=\"_blank\">Arnaud 25<\/a> \u2014 <span>Own work<\/span>, <a href=\"https:\/\/creativecommons.org\/licenses\/by-sa\/4.0\" title=\"Creative Commons Attribution-Share Alike 4.0\" target=\"_blank\" rel=\"noopener\">CC BY-SA 4.0<\/a>, <a href=\"https:\/\/commons.wikimedia.org\/w\/index.php?curid=64360185\" target=\"_blank\" rel=\"noopener\">Link<\/a><\/li>\n            <li>By <a href=\"\/\/commons.wikimedia.org\/wiki\/User:Arnaud_25\" title=\"User:Arnaud 25\" target=\"_blank\">Arnaud 25<\/a> \u2014 <span>Own work<\/span>, <a href=\"https:\/\/creativecommons.org\/licenses\/by-sa\/4.0\" title=\"Creative Commons Attribution-Share Alike 4.0\" target=\"_blank\" rel=\"noopener\">CC BY-SA 4.0<\/a>, <a href=\"https:\/\/commons.wikimedia.org\/w\/index.php?curid=64363114\" target=\"_blank\" rel=\"noopener\">Link<\/a><\/li>\n            <li>By <a href=\"\/\/commons.wikimedia.org\/wiki\/User:Arnaud_25\" title=\"User:Arnaud 25\" target=\"_blank\">Arnaud 25<\/a> \u2014 <span>Own work<\/span>, <a href=\"https:\/\/creativecommons.org\/licenses\/by-sa\/4.0\" title=\"Creative Commons Attribution-Share Alike 4.0\" target=\"_blank\" rel=\"noopener\">CC BY-SA 4.0<\/a>, <a href=\"https:\/\/commons.wikimedia.org\/w\/index.php?curid=64358239\" target=\"_blank\" rel=\"noopener\">Link<\/a><\/li>\n            <li>By <a href=\"\/\/commons.wikimedia.org\/wiki\/User:Arnaud_25\" title=\"User:Arnaud 25\" target=\"_blank\">Arnaud 25<\/a> \u2014 <span>Own work<\/span>, <a href=\"https:\/\/creativecommons.org\/licenses\/by-sa\/4.0\" title=\"Creative Commons Attribution-Share Alike 4.0\" target=\"_blank\" rel=\"noopener\">CC BY-SA 4.0<\/a>, <a href=\"https:\/\/commons.wikimedia.org\/w\/index.php?curid=64359554\" target=\"_blank\" rel=\"noopener\">Link<\/a><\/li>\n            <li>By <a href=\"\/\/commons.wikimedia.org\/wiki\/User:Arnaud_25\" title=\"User:Arnaud 25\" target=\"_blank\">Arnaud 25<\/a> \u2014 <span>Own work<\/span>, <a href=\"https:\/\/creativecommons.org\/licenses\/by-sa\/4.0\" title=\"Creative Commons Attribution-Share Alike 4.0\" target=\"_blank\" rel=\"noopener\">CC BY-SA 4.0<\/a>, <a href=\"https:\/\/commons.wikimedia.org\/w\/index.php?curid=64334875\" target=\"_blank\" rel=\"noopener\">Link<\/a><\/li>\n            <li>By <a href=\"\/\/commons.wikimedia.org\/wiki\/User:Arnaud_25\" title=\"User:Arnaud 25\" target=\"_blank\">Arnaud 25<\/a> \u2014 <span>Own work<\/span>, <a href=\"https:\/\/creativecommons.org\/licenses\/by-sa\/4.0\" title=\"Creative Commons Attribution-Share Alike 4.0\" target=\"_blank\" rel=\"noopener\">CC BY-SA 4.0<\/a>, <a href=\"https:\/\/commons.wikimedia.org\/w\/index.php?curid=64334880\" target=\"_blank\" rel=\"noopener\">Link<\/a><\/li>\n            <li>By <a href=\"\/\/commons.wikimedia.org\/wiki\/User:Arnaud_25\" title=\"User:Arnaud 25\" target=\"_blank\">Arnaud 25<\/a> \u2014 <span>Own work<\/span>, <a href=\"https:\/\/creativecommons.org\/licenses\/by-sa\/4.0\" title=\"Creative Commons Attribution-Share Alike 4.0\" target=\"_blank\" rel=\"noopener\">CC BY-SA 4.0<\/a>, <a href=\"https:\/\/commons.wikimedia.org\/w\/index.php?curid=64334878\" target=\"_blank\" rel=\"noopener\">Link<\/a><\/li>\n            <li>By <a href=\"\/\/commons.wikimedia.org\/wiki\/User:Arnaud_25\" title=\"User:Arnaud 25\" target=\"_blank\">Arnaud 25<\/a> \u2014 <span>Own work<\/span>, <a href=\"https:\/\/creativecommons.org\/licenses\/by-sa\/4.0\" title=\"Creative Commons Attribution-Share Alike 4.0\" target=\"_blank\" rel=\"noopener\">CC BY-SA 4.0<\/a>, <a href=\"https:\/\/commons.wikimedia.org\/w\/index.php?curid=64353777\" target=\"_blank\" rel=\"noopener\">Link<\/a><\/li>\n            <li>By <a href=\"\/\/commons.wikimedia.org\/wiki\/User:Arnaud_25\" title=\"User:Arnaud 25\" target=\"_blank\">Arnaud 25<\/a> \u2014 <span>Own work<\/span>, <a href=\"https:\/\/creativecommons.org\/licenses\/by-sa\/4.0\" title=\"Creative Commons Attribution-Share Alike 4.0\" target=\"_blank\" rel=\"noopener\">CC BY-SA 4.0<\/a>, <a href=\"https:\/\/commons.wikimedia.org\/w\/index.php?curid=64360758\" target=\"_blank\" rel=\"noopener\">Link<\/a><\/li>\n            <li>By <a href=\"\/\/commons.wikimedia.org\/wiki\/User:Arnaud_25\" title=\"User:Arnaud 25\" target=\"_blank\">Arnaud 25<\/a> \u2014 <span>Own work<\/span>, <a href=\"https:\/\/creativecommons.org\/licenses\/by-sa\/4.0\" title=\"Creative Commons Attribution-Share Alike 4.0\" target=\"_blank\" rel=\"noopener\">CC BY-SA 4.0<\/a>, <a href=\"https:\/\/commons.wikimedia.org\/w\/index.php?curid=64358823\" target=\"_blank\" rel=\"noopener\">Link<\/a><\/li>\n            <li>By <a href=\"\/\/commons.wikimedia.org\/wiki\/User:Arnaud_25\" title=\"User:Arnaud 25\" target=\"_blank\">Arnaud 25<\/a> \u2014 <span>Own work<\/span>, <a href=\"https:\/\/creativecommons.org\/licenses\/by-sa\/4.0\" title=\"Creative Commons Attribution-Share Alike 4.0\" target=\"_blank\" rel=\"noopener\">CC BY-SA 4.0<\/a>, <a href=\"https:\/\/commons.wikimedia.org\/w\/index.php?curid=64359207\" target=\"_blank\" rel=\"noopener\">Link<\/a><\/li>\n            <li>By <a href=\"\/\/commons.wikimedia.org\/wiki\/User:Arnaud_25\" title=\"User:Arnaud 25\" target=\"_blank\">Arnaud 25<\/a> \u2014 <span>Own work<\/span>, <a href=\"https:\/\/creativecommons.org\/licenses\/by-sa\/4.0\" title=\"Creative Commons Attribution-Share Alike 4.0\" target=\"_blank\" rel=\"noopener\">CC BY-SA 4.0<\/a>, <a href=\"https:\/\/commons.wikimedia.org\/w\/index.php?curid=64361250\" target=\"_blank\" rel=\"noopener\">Link<\/a><\/li>\n            <li>By <a href=\"\/\/commons.wikimedia.org\/wiki\/User:Arnaud_25\" title=\"User:Arnaud 25\" target=\"_blank\">Arnaud 25<\/a> \u2014 <span>Own work<\/span>, <a href=\"https:\/\/creativecommons.org\/licenses\/by-sa\/4.0\" title=\"Creative Commons Attribution-Share Alike 4.0\" target=\"_blank\" rel=\"noopener\">CC BY-SA 4.0<\/a>, <a href=\"https:\/\/commons.wikimedia.org\/w\/index.php?curid=64360875\" target=\"_blank\" rel=\"noopener\">Link<\/a><\/li>\n            <li>By <a href=\"\/\/commons.wikimedia.org\/wiki\/User:Arnaud_25\" title=\"User:Arnaud 25\" target=\"_blank\">Arnaud 25<\/a> \u2014 <span>Own work<\/span>, <a href=\"https:\/\/creativecommons.org\/licenses\/by-sa\/4.0\" title=\"Creative Commons Attribution-Share Alike 4.0\" target=\"_blank\" rel=\"noopener\">CC BY-SA 4.0<\/a>, <a href=\"https:\/\/commons.wikimedia.org\/w\/index.php?curid=64361572\" target=\"_blank\" rel=\"noopener\">Link<\/a><\/li>\n            <li>By <a href=\"\/\/commons.wikimedia.org\/wiki\/User:Arnaud_25\" title=\"User:Arnaud 25\" target=\"_blank\">Arnaud 25<\/a> \u2014 <span>Own work<\/span>, <a href=\"https:\/\/creativecommons.org\/licenses\/by-sa\/4.0\" title=\"Creative Commons Attribution-Share Alike 4.0\" target=\"_blank\" rel=\"noopener\">CC BY-SA 4.0<\/a>, <a href=\"https:\/\/commons.wikimedia.org\/w\/index.php?curid=64360781\" target=\"_blank\" rel=\"noopener\">Link<\/a><\/li>\n        <\/ul><\/div>\n\t\t\t\t<\/div>\n\t\t\t\t\t\t\t<div class=\"elementor-accordion-item\">\n\t\t\t\t\t<div id=\"elementor-tab-title-2292\" class=\"elementor-tab-title\" data-tab=\"2\" role=\"button\" aria-controls=\"elementor-tab-content-2292\" aria-expanded=\"false\">\n\t\t\t\t\t\t\t\t\t\t\t\t\t<span class=\"elementor-accordion-icon elementor-accordion-icon-right\" aria-hidden=\"true\">\n\t\t\t\t\t\t\t\t\t\t\t\t\t\t\t<span class=\"elementor-accordion-icon-closed\"><svg class=\"e-font-icon-svg e-fas-plus\" viewbox=\"0 0 448 512\" xmlns=\"http:\/\/www.w3.org\/2000\/svg\"><path d=\"M416 208H272V64c0-17.67-14.33-32-32-32h-32c-17.67 0-32 14.33-32 32v144H32c-17.67 0-32 14.33-32 32v32c0 17.67 14.33 32 32 32h144v144c0 17.67 14.33 32 32 32h32c17.67 0 32-14.33 32-32V304h144c17.67 0 32-14.33 32-32v-32c0-17.67-14.33-32-32-32z\"><\/path><\/svg><\/span>\n\t\t\t\t\t\t\t\t<span class=\"elementor-accordion-icon-opened\"><svg class=\"e-font-icon-svg e-fas-minus\" viewbox=\"0 0 448 512\" xmlns=\"http:\/\/www.w3.org\/2000\/svg\"><path d=\"M416 208H32c-17.67 0-32 14.33-32 32v32c0 17.67 14.33 32 32 32h384c17.67 0 32-14.33 32-32v-32c0-17.67-14.33-32-32-32z\"><\/path><\/svg><\/span>\n\t\t\t\t\t\t\t\t\t\t\t\t\t\t<\/span>\n\t\t\t\t\t\t\t\t\t\t\t\t<a class=\"elementor-accordion-title\" tabindex=\"0\">Kunstmuseum<\/a>\n\t\t\t\t\t<\/div>\n\t\t\t\t\t<div id=\"elementor-tab-content-2292\" class=\"elementor-tab-content elementor-clearfix\" data-tab=\"2\" role=\"region\" aria-labelledby=\"elementor-tab-title-2292\">        <ul>\n            <li><a href=\"https:\/\/musees-mulhouse.fr\/en\/museums\/fine-arts-museum\/\" target=\"_blank\" rel=\"noopener\">https:\/\/musees-mulhouse.fr\/en\/museums\/fine-arts-museum\/<\/a><\/li>\n            <li><a href=\"https:\/\/beaux-arts.musees-mulhouse.fr\/collections\/\" target=\"_blank\" rel=\"noopener\">https:\/\/beaux-arts.musees-mulhouse.fr\/collections\/<\/a><\/li>\n            <li><a href=\"https:\/\/www.tourisme-mulhouse.com\/offres\/musee-des-beaux-arts-de-mulhouse-mulhouse-fr-3839713\/\" target=\"_blank\" rel=\"noopener\">https:\/\/www.tourisme-mulhouse.com\/offres\/musee-des-beaux-arts-de-mulhouse-mulhouse-fr-3839713\/<\/a><\/li>\n            <li>By Ji-Elle \u2014 Own work, <a href=\"https:\/\/creativecommons.org\/licenses\/by-sa\/3.0\" target=\"_blank\" rel=\"noopener\">CC BY-SA 3.0<\/a>, <a href=\"https:\/\/commons.wikimedia.org\/w\/index.php?curid=19125697\" target=\"_blank\" rel=\"noopener\">Link<\/a><\/li>\n            <li>By Ji-Elle \u2014 Own work, <a href=\"https:\/\/creativecommons.org\/licenses\/by-sa\/3.0\" target=\"_blank\" rel=\"noopener\">CC BY-SA 3.0<\/a>, <a href=\"https:\/\/commons.wikimedia.org\/w\/index.php?curid=19125701\" target=\"_blank\" rel=\"noopener\">Link<\/a><\/li>\n            <li>By Meister des L\u00f6sel-Altars \u2014 [1], Public Domain, <a href=\"https:\/\/commons.wikimedia.org\/w\/index.php?curid=91991007\" target=\"_blank\" rel=\"noopener\">Link<\/a><\/li>\n            <li>By Meister des L\u00f6sel-Altars \u2014 [1], Public Domain, <a href=\"https:\/\/commons.wikimedia.org\/w\/index.php?curid=91991048\" target=\"_blank\" rel=\"noopener\">Link<\/a><\/li>\n            <li>By anonymous \u2014 [1], Micha\u00ebl Martin 7 February 2007, Public Domain, <a href=\"https:\/\/commons.wikimedia.org\/w\/index.php?curid=19180148\" target=\"_blank\" rel=\"noopener\">Link<\/a><\/li>\n            <li>By Edelseider \u2014 Own work, <a href=\"https:\/\/creativecommons.org\/licenses\/by-sa\/4.0\" target=\"_blank\" rel=\"noopener\">CC BY-SA 4.0<\/a>, <a href=\"https:\/\/commons.wikimedia.org\/w\/index.php?curid=113926177\" target=\"_blank\" rel=\"noopener\">Link<\/a><\/li>\n            <li>By Pieter Brueghel the Younger \u2014 Own work, Ji-Elle, 2012-04-13, <a href=\"https:\/\/creativecommons.org\/licenses\/by-sa\/3.0\" target=\"_blank\" rel=\"noopener\">CC BY-SA 3.0<\/a>, <a href=\"https:\/\/commons.wikimedia.org\/w\/index.php?curid=19134669\" target=\"_blank\" rel=\"noopener\">Link<\/a><\/li>\n            <li>By Ji-Elle \u2014 Own work, <a href=\"https:\/\/creativecommons.org\/licenses\/by-sa\/3.0\" target=\"_blank\" rel=\"noopener\">CC BY-SA 3.0<\/a>, <a href=\"https:\/\/commons.wikimedia.org\/w\/index.php?curid=19130342\" target=\"_blank\" rel=\"noopener\">Link<\/a><\/li>\n            <li>By Jean-Gaspard Heilmann (1718-1760) \u2014 Own work, Ji-Elle, 13 April 2012, <a href=\"https:\/\/creativecommons.org\/licenses\/by-sa\/3.0\" target=\"_blank\" rel=\"noopener\">CC BY-SA 3.0<\/a>, <a href=\"https:\/\/commons.wikimedia.org\/w\/index.php?curid=19136434\" target=\"_blank\" rel=\"noopener\">Link<\/a><\/li>\n            <li>By Hyacinthe Rigaud \u2014 Own work, Author: Ji-Elle Date: 2012-04-13, <a href=\"https:\/\/creativecommons.org\/licenses\/by-sa\/3.0\" target=\"_blank\" rel=\"noopener\">CC BY-SA 3.0<\/a>, <a href=\"https:\/\/commons.wikimedia.org\/w\/index.php?curid=19130503\" target=\"_blank\" rel=\"noopener\">Link<\/a><\/li>\n            <li>By William Bouguereau \u2014 Ji-Elle, Public Domain, <a href=\"https:\/\/commons.wikimedia.org\/w\/index.php?curid=19136571\" target=\"_blank\" rel=\"noopener\">Link<\/a><\/li>\n            <li>By Jean-Jacques Henner \u2014 Own work, <a href=\"https:\/\/creativecommons.org\/licenses\/by-sa\/3.0\" target=\"_blank\" rel=\"noopener\">CC BY-SA 3.0<\/a>, <a href=\"https:\/\/commons.wikimedia.org\/w\/index.php?curid=19134486\" target=\"_blank\" rel=\"noopener\">Link<\/a><\/li>\n            <li>By Jean-Jacques Henner \u2014 Own work, 2012-04-13, Ji-Elle, <a href=\"https:\/\/creativecommons.org\/licenses\/by-sa\/3.0\" target=\"_blank\" rel=\"noopener\">CC BY-SA 3.0<\/a>, <a href=\"https:\/\/commons.wikimedia.org\/w\/index.php?curid=19134485\" target=\"_blank\" rel=\"noopener\">Link<\/a><\/li>\n            <li>By Jean-Jacques Henner \u2014 Own work, <a href=\"https:\/\/creativecommons.org\/licenses\/by-sa\/3.0\" target=\"_blank\" rel=\"noopener\">CC BY-SA 3.0<\/a>, <a href=\"https:\/\/commons.wikimedia.org\/w\/index.php?curid=19134480\" target=\"_blank\" rel=\"noopener\">Link<\/a><\/li>\n            <li>By Jean-Jacques Henner \u2014 Own work, Ji-Elle, 13 April 2012, <a href=\"https:\/\/creativecommons.org\/licenses\/by-sa\/3.0\" target=\"_blank\" rel=\"noopener\">CC BY-SA 3.0<\/a>, <a href=\"https:\/\/commons.wikimedia.org\/w\/index.php?curid=19134479\" target=\"_blank\" rel=\"noopener\">Link<\/a><\/li>\n            <li>By \u00c9tienne Dinet \u2014 Own work, Ji-Elle, 13 April 2012, <a href=\"https:\/\/creativecommons.org\/licenses\/by-sa\/3.0\" target=\"_blank\" rel=\"noopener\">CC BY-SA 3.0<\/a>, <a href=\"https:\/\/commons.wikimedia.org\/w\/index.php?curid=19131542\" target=\"_blank\" rel=\"noopener\">Link<\/a><\/li>\n            <li>By Gustave Brion \u2014 Own work, Ji-Elle, 13 April 2012, <a href=\"https:\/\/creativecommons.org\/licenses\/by-sa\/3.0\" target=\"_blank\" rel=\"noopener\">CC BY-SA 3.0<\/a>, <a href=\"https:\/\/commons.wikimedia.org\/w\/index.php?curid=19130457\" target=\"_blank\" rel=\"noopener\">Link<\/a><\/li>\n            <li>By Gustave Brion \u2014 Own work, Ji-Elle, 13 April 2012, <a href=\"https:\/\/creativecommons.org\/licenses\/by-sa\/3.0\" target=\"_blank\" rel=\"noopener\">CC BY-SA 3.0<\/a>, <a href=\"https:\/\/commons.wikimedia.org\/w\/index.php?curid=19130971\" target=\"_blank\" rel=\"noopener\">Link<\/a><\/li>\n            <li>By Joseph Wencker \u2014 Own work, Ji-Elle, 13 April 2012, <a href=\"https:\/\/creativecommons.org\/licenses\/by-sa\/3.0\" target=\"_blank\" rel=\"noopener\">CC BY-SA 3.0<\/a>, <a href=\"https:\/\/commons.wikimedia.org\/w\/index.php?curid=19132303\" target=\"_blank\" rel=\"noopener\">Link<\/a><\/li>\n            <li>By Camille Alfred Pabst \u2014 Own work, Ji-Elle, 13 April 2012, <a href=\"https:\/\/creativecommons.org\/licenses\/by-sa\/3.0\" target=\"_blank\" rel=\"noopener\">CC BY-SA 3.0<\/a>, <a href=\"https:\/\/commons.wikimedia.org\/w\/index.php?curid=19124243\" target=\"_blank\" rel=\"noopener\">Link<\/a><\/li>\n        <\/ul><\/div>\n\t\t\t\t<\/div>\n\t\t\t\t\t\t\t<div class=\"elementor-accordion-item\">\n\t\t\t\t\t<div id=\"elementor-tab-title-2293\" class=\"elementor-tab-title\" data-tab=\"3\" role=\"button\" aria-controls=\"elementor-tab-content-2293\" aria-expanded=\"false\">\n\t\t\t\t\t\t\t\t\t\t\t\t\t<span class=\"elementor-accordion-icon elementor-accordion-icon-right\" aria-hidden=\"true\">\n\t\t\t\t\t\t\t\t\t\t\t\t\t\t\t<span class=\"elementor-accordion-icon-closed\"><svg class=\"e-font-icon-svg e-fas-plus\" viewbox=\"0 0 448 512\" xmlns=\"http:\/\/www.w3.org\/2000\/svg\"><path d=\"M416 208H272V64c0-17.67-14.33-32-32-32h-32c-17.67 0-32 14.33-32 32v144H32c-17.67 0-32 14.33-32 32v32c0 17.67 14.33 32 32 32h144v144c0 17.67 14.33 32 32 32h32c17.67 0 32-14.33 32-32V304h144c17.67 0 32-14.33 32-32v-32c0-17.67-14.33-32-32-32z\"><\/path><\/svg><\/span>\n\t\t\t\t\t\t\t\t<span class=\"elementor-accordion-icon-opened\"><svg class=\"e-font-icon-svg e-fas-minus\" viewbox=\"0 0 448 512\" xmlns=\"http:\/\/www.w3.org\/2000\/svg\"><path d=\"M416 208H32c-17.67 0-32 14.33-32 32v32c0 17.67 14.33 32 32 32h384c17.67 0 32-14.33 32-32v-32c0-17.67-14.33-32-32-32z\"><\/path><\/svg><\/span>\n\t\t\t\t\t\t\t\t\t\t\t\t\t\t<\/span>\n\t\t\t\t\t\t\t\t\t\t\t\t<a class=\"elementor-accordion-title\" tabindex=\"0\">Der Schwei\u00dfer, Dr. Schweisser<\/a>\n\t\t\t\t\t<\/div>\n\t\t\t\t\t<div id=\"elementor-tab-content-2293\" class=\"elementor-tab-content elementor-clearfix\" data-tab=\"3\" role=\"region\" aria-labelledby=\"elementor-tab-title-2293\">        <ul>\n            <li>Credit: OTC Mulhouse et sa r\u00e9gion<\/li>\n            <li><a href=\"https:\/\/www.visites-p.net\/index.htm\" target=\"_blank\" rel=\"noopener\">https:\/\/www.visites-p.net\/index.htm<\/a><\/li>\n            <li><a href=\"https:\/\/www.flickr.com\/photos\/153513962@N02\/46741165872\" target=\"_blank\" rel=\"noopener\">https:\/\/www.flickr.com\/photos\/153513962@N02\/46741165872<\/a><\/li>\n            <li><a href=\"https:\/\/www.lalsace.fr\/haut-rhin\/2017\/08\/04\/le-grand-homme-de-mulhouse\" target=\"_blank\" rel=\"noopener\">https:\/\/www.lalsace.fr\/haut-rhin\/2017\/08\/04\/le-grand-homme-de-mulhouse<\/a><\/li>\n            <li><a href=\"https:\/\/mapio.net\/pic\/p-21459100\/\" target=\"_blank\" rel=\"noopener\">https:\/\/mapio.net\/pic\/p-21459100\/<\/a><\/li>\n            <li><a href=\"https:\/\/www.mulhouse-art-contemporain.fr\/actualites\/edition\/parcours-1-sud-nord\/\" target=\"_blank\" rel=\"noopener\">https:\/\/www.mulhouse-art-contemporain.fr\/actualites\/edition\/parcours-1-sud-nord\/<\/a><\/li>\n            <li><a href=\"https:\/\/www.hotel-mulhouse.com\/quoi-de-neuf\/le-street-art-envahi-les-rues-de-mulhouse\" target=\"_blank\" rel=\"noopener\">https:\/\/www.hotel-mulhouse.com\/quoi-de-neuf\/le-street-art-envahi-les-rues-de-mulhouse<\/a><\/li>\n            <li><a href=\"https:\/\/www.ccpm-asso.fr\/schweissdissi-confrerie.html\" target=\"_blank\" rel=\"noopener\">https:\/\/www.ccpm-asso.fr\/schweissdissi-confrerie.html<\/a><\/li>\n        <\/ul><\/div>\n\t\t\t\t<\/div>\n\t\t\t\t\t\t\t<div class=\"elementor-accordion-item\">\n\t\t\t\t\t<div id=\"elementor-tab-title-2294\" class=\"elementor-tab-title\" data-tab=\"4\" role=\"button\" aria-controls=\"elementor-tab-content-2294\" aria-expanded=\"false\">\n\t\t\t\t\t\t\t\t\t\t\t\t\t<span class=\"elementor-accordion-icon elementor-accordion-icon-right\" aria-hidden=\"true\">\n\t\t\t\t\t\t\t\t\t\t\t\t\t\t\t<span class=\"elementor-accordion-icon-closed\"><svg class=\"e-font-icon-svg e-fas-plus\" viewbox=\"0 0 448 512\" xmlns=\"http:\/\/www.w3.org\/2000\/svg\"><path d=\"M416 208H272V64c0-17.67-14.33-32-32-32h-32c-17.67 0-32 14.33-32 32v144H32c-17.67 0-32 14.33-32 32v32c0 17.67 14.33 32 32 32h144v144c0 17.67 14.33 32 32 32h32c17.67 0 32-14.33 32-32V304h144c17.67 0 32-14.33 32-32v-32c0-17.67-14.33-32-32-32z\"><\/path><\/svg><\/span>\n\t\t\t\t\t\t\t\t<span class=\"elementor-accordion-icon-opened\"><svg class=\"e-font-icon-svg e-fas-minus\" viewbox=\"0 0 448 512\" xmlns=\"http:\/\/www.w3.org\/2000\/svg\"><path d=\"M416 208H32c-17.67 0-32 14.33-32 32v32c0 17.67 14.33 32 32 32h384c17.67 0 32-14.33 32-32v-32c0-17.67-14.33-32-32-32z\"><\/path><\/svg><\/span>\n\t\t\t\t\t\t\t\t\t\t\t\t\t\t<\/span>\n\t\t\t\t\t\t\t\t\t\t\t\t<a class=\"elementor-accordion-title\" tabindex=\"0\">Emile-Muller-Krankenhaus<\/a>\n\t\t\t\t\t<\/div>\n\t\t\t\t\t<div id=\"elementor-tab-content-2294\" class=\"elementor-tab-content elementor-clearfix\" data-tab=\"4\" role=\"region\" aria-labelledby=\"elementor-tab-title-2294\">        <ul>\n            <li><a href=\"https:\/\/www.ghrmsa.fr\/nos-sites\/centre-hospitalier-emile-muller-de-mulhouse-625.html\" target=\"_blank\" rel=\"noopener\">https:\/\/www.ghrmsa.fr\/nos-sites\/centre-hospitalier-emile-muller-de-mulhouse-625.html<\/a><\/li>\n        <\/ul><\/div>\n\t\t\t\t<\/div>\n\t\t\t\t\t\t\t<div class=\"elementor-accordion-item\">\n\t\t\t\t\t<div id=\"elementor-tab-title-2295\" class=\"elementor-tab-title\" data-tab=\"5\" role=\"button\" aria-controls=\"elementor-tab-content-2295\" aria-expanded=\"false\">\n\t\t\t\t\t\t\t\t\t\t\t\t\t<span class=\"elementor-accordion-icon elementor-accordion-icon-right\" aria-hidden=\"true\">\n\t\t\t\t\t\t\t\t\t\t\t\t\t\t\t<span class=\"elementor-accordion-icon-closed\"><svg class=\"e-font-icon-svg e-fas-plus\" viewbox=\"0 0 448 512\" xmlns=\"http:\/\/www.w3.org\/2000\/svg\"><path d=\"M416 208H272V64c0-17.67-14.33-32-32-32h-32c-17.67 0-32 14.33-32 32v144H32c-17.67 0-32 14.33-32 32v32c0 17.67 14.33 32 32 32h144v144c0 17.67 14.33 32 32 32h32c17.67 0 32-14.33 32-32V304h144c17.67 0 32-14.33 32-32v-32c0-17.67-14.33-32-32-32z\"><\/path><\/svg><\/span>\n\t\t\t\t\t\t\t\t<span class=\"elementor-accordion-icon-opened\"><svg class=\"e-font-icon-svg e-fas-minus\" viewbox=\"0 0 448 512\" xmlns=\"http:\/\/www.w3.org\/2000\/svg\"><path d=\"M416 208H32c-17.67 0-32 14.33-32 32v32c0 17.67 14.33 32 32 32h384c17.67 0 32-14.33 32-32v-32c0-17.67-14.33-32-32-32z\"><\/path><\/svg><\/span>\n\t\t\t\t\t\t\t\t\t\t\t\t\t\t<\/span>\n\t\t\t\t\t\t\t\t\t\t\t\t<a class=\"elementor-accordion-title\" tabindex=\"0\">Hasenrain-Krankenhaus<\/a>\n\t\t\t\t\t<\/div>\n\t\t\t\t\t<div id=\"elementor-tab-content-2295\" class=\"elementor-tab-content elementor-clearfix\" data-tab=\"5\" role=\"region\" aria-labelledby=\"elementor-tab-title-2295\">        <ul>\n            <li><a href=\"https:\/\/www.ghrmsa.fr\/presentation\/nos-sites\/mulhouse-hasenrain-627.html\" target=\"_blank\" rel=\"noopener\">https:\/\/www.ghrmsa.fr\/presentation\/nos-sites\/mulhouse-hasenrain-627.html<\/a><\/li>\n            <li><a href=\"https:\/\/www.dna.fr\/societe\/2020\/08\/03\/le-bas-rebberg-entre-histoire-et-temoignages\" target=\"_blank\" rel=\"noopener\">https:\/\/www.dna.fr\/societe\/2020\/08\/03\/le-bas-rebberg-entre-histoire-et-temoignages<\/a><\/li>\n        <\/ul><\/div>\n\t\t\t\t<\/div>\n\t\t\t\t\t\t\t<div class=\"elementor-accordion-item\">\n\t\t\t\t\t<div id=\"elementor-tab-title-2296\" class=\"elementor-tab-title\" data-tab=\"6\" role=\"button\" aria-controls=\"elementor-tab-content-2296\" aria-expanded=\"false\">\n\t\t\t\t\t\t\t\t\t\t\t\t\t<span class=\"elementor-accordion-icon elementor-accordion-icon-right\" aria-hidden=\"true\">\n\t\t\t\t\t\t\t\t\t\t\t\t\t\t\t<span class=\"elementor-accordion-icon-closed\"><svg class=\"e-font-icon-svg e-fas-plus\" viewbox=\"0 0 448 512\" xmlns=\"http:\/\/www.w3.org\/2000\/svg\"><path d=\"M416 208H272V64c0-17.67-14.33-32-32-32h-32c-17.67 0-32 14.33-32 32v144H32c-17.67 0-32 14.33-32 32v32c0 17.67 14.33 32 32 32h144v144c0 17.67 14.33 32 32 32h32c17.67 0 32-14.33 32-32V304h144c17.67 0 32-14.33 32-32v-32c0-17.67-14.33-32-32-32z\"><\/path><\/svg><\/span>\n\t\t\t\t\t\t\t\t<span class=\"elementor-accordion-icon-opened\"><svg class=\"e-font-icon-svg e-fas-minus\" viewbox=\"0 0 448 512\" xmlns=\"http:\/\/www.w3.org\/2000\/svg\"><path d=\"M416 208H32c-17.67 0-32 14.33-32 32v32c0 17.67 14.33 32 32 32h384c17.67 0 32-14.33 32-32v-32c0-17.67-14.33-32-32-32z\"><\/path><\/svg><\/span>\n\t\t\t\t\t\t\t\t\t\t\t\t\t\t<\/span>\n\t\t\t\t\t\t\t\t\t\t\t\t<a class=\"elementor-accordion-title\" tabindex=\"0\">Salvatorpark<\/a>\n\t\t\t\t\t<\/div>\n\t\t\t\t\t<div id=\"elementor-tab-content-2296\" class=\"elementor-tab-content elementor-clearfix\" data-tab=\"6\" role=\"region\" aria-labelledby=\"elementor-tab-title-2296\">        <ul>\n            <li><a href=\"https:\/\/www.jds.fr\/mulhouse\/parc-avec-aire-de-jeux\/parc-salvator-mulhouse-345_L\" target=\"_blank\" rel=\"noopener\">https:\/\/www.jds.fr\/mulhouse\/parc-avec-aire-de-jeux\/parc-salvator-mulhouse-345_L<\/a><\/li>\n            <li><a href=\"https:\/\/www.tourisme-mulhouse.com\/en\/offers\/parc-salvator-mulhouse-en-3839806\/\" target=\"_blank\" rel=\"noopener\">https:\/\/www.tourisme-mulhouse.com\/en\/offers\/parc-salvator-mulhouse-en-3839806\/<\/a><\/li>\n            <li><a href=\"https:\/\/www.petitfute.com\/v748-mulhouse-68100\/c1173-visites-points-d-interet\/c971-parc-jardin\/219951-parc-salvator.html\" target=\"_blank\" rel=\"noopener\">https:\/\/www.petitfute.com\/v748-mulhouse-68100\/c1173-visites-points-d-interet\/c971-parc-jardin\/219951-parc-salvator.html<\/a><\/li>\n            <li><a href=\"https:\/\/www.visit.alsace\/\" target=\"_blank\" rel=\"noopener\">https:\/\/www.visit.alsace\/<\/a><\/li>\n        <\/ul><\/div>\n\t\t\t\t<\/div>\n\t\t\t\t\t\t\t<div class=\"elementor-accordion-item\">\n\t\t\t\t\t<div id=\"elementor-tab-title-2297\" class=\"elementor-tab-title\" data-tab=\"7\" role=\"button\" aria-controls=\"elementor-tab-content-2297\" aria-expanded=\"false\">\n\t\t\t\t\t\t\t\t\t\t\t\t\t<span class=\"elementor-accordion-icon elementor-accordion-icon-right\" aria-hidden=\"true\">\n\t\t\t\t\t\t\t\t\t\t\t\t\t\t\t<span class=\"elementor-accordion-icon-closed\"><svg class=\"e-font-icon-svg e-fas-plus\" viewbox=\"0 0 448 512\" xmlns=\"http:\/\/www.w3.org\/2000\/svg\"><path d=\"M416 208H272V64c0-17.67-14.33-32-32-32h-32c-17.67 0-32 14.33-32 32v144H32c-17.67 0-32 14.33-32 32v32c0 17.67 14.33 32 32 32h144v144c0 17.67 14.33 32 32 32h32c17.67 0 32-14.33 32-32V304h144c17.67 0 32-14.33 32-32v-32c0-17.67-14.33-32-32-32z\"><\/path><\/svg><\/span>\n\t\t\t\t\t\t\t\t<span class=\"elementor-accordion-icon-opened\"><svg class=\"e-font-icon-svg e-fas-minus\" viewbox=\"0 0 448 512\" xmlns=\"http:\/\/www.w3.org\/2000\/svg\"><path d=\"M416 208H32c-17.67 0-32 14.33-32 32v32c0 17.67 14.33 32 32 32h384c17.67 0 32-14.33 32-32v-32c0-17.67-14.33-32-32-32z\"><\/path><\/svg><\/span>\n\t\t\t\t\t\t\t\t\t\t\t\t\t\t<\/span>\n\t\t\t\t\t\t\t\t\t\t\t\t<a class=\"elementor-accordion-title\" tabindex=\"0\">M\u00fclhausen Strand<\/a>\n\t\t\t\t\t<\/div>\n\t\t\t\t\t<div id=\"elementor-tab-content-2297\" class=\"elementor-tab-content elementor-clearfix\" data-tab=\"7\" role=\"region\" aria-labelledby=\"elementor-tab-title-2297\">        <ul>\n            <li><a href=\"https:\/\/www.ete-mulhouse.fr\/%C3%A9v%C3%A8nements\/mulhouse-plage\/\" target=\"_blank\" rel=\"noopener\">https:\/\/www.ete-mulhouse.fr\/%C3%A9v%C3%A8nements\/mulhouse-plage\/<\/a><\/li>\n            <li><a href=\"https:\/\/www.jds.fr\/manifestations\/mulhouse-plage-529838_A\" target=\"_blank\" rel=\"noopener\">https:\/\/www.jds.fr\/manifestations\/mulhouse-plage-529838_A<\/a><\/li>\n            <li><a href=\"https:\/\/www.mplusinfo.fr\/de-mulhouse-plage-aux-defis-olympiques-pour-tous-ce-week-end-on-sort-a-mulhouse-mulhouse\/\" target=\"_blank\" rel=\"noopener\">https:\/\/www.mplusinfo.fr\/de-mulhouse-plage-aux-defis-olympiques-pour-tous-ce-week-end-on-sort-a-mulhouse-mulhouse\/<\/a><\/li>\n            <li><a href=\"https:\/\/www.lalsace.fr\/culture-loisirs\/2024\/05\/25\/mulhouse-l-ete-a-la-plage-s-annonce-a-partir-du-21-juin\" target=\"_blank\" rel=\"noopener\">https:\/\/www.lalsace.fr\/culture-loisirs\/2024\/05\/25\/mulhouse-l-ete-a-la-plage-s-annonce-a-partir-du-21-juin<\/a><\/li>\n            <li><a href=\"https:\/\/www.facebook.com\/profile.php?id=100064142885680\" target=\"_blank\" rel=\"noopener\">https:\/\/www.facebook.com\/profile.php?id=100064142885680<\/a><\/li>\n        <\/ul><\/div>\n\t\t\t\t<\/div>\n\t\t\t\t\t\t\t<div class=\"elementor-accordion-item\">\n\t\t\t\t\t<div id=\"elementor-tab-title-2298\" class=\"elementor-tab-title\" data-tab=\"8\" role=\"button\" aria-controls=\"elementor-tab-content-2298\" aria-expanded=\"false\">\n\t\t\t\t\t\t\t\t\t\t\t\t\t<span class=\"elementor-accordion-icon elementor-accordion-icon-right\" aria-hidden=\"true\">\n\t\t\t\t\t\t\t\t\t\t\t\t\t\t\t<span class=\"elementor-accordion-icon-closed\"><svg class=\"e-font-icon-svg e-fas-plus\" viewbox=\"0 0 448 512\" xmlns=\"http:\/\/www.w3.org\/2000\/svg\"><path d=\"M416 208H272V64c0-17.67-14.33-32-32-32h-32c-17.67 0-32 14.33-32 32v144H32c-17.67 0-32 14.33-32 32v32c0 17.67 14.33 32 32 32h144v144c0 17.67 14.33 32 32 32h32c17.67 0 32-14.33 32-32V304h144c17.67 0 32-14.33 32-32v-32c0-17.67-14.33-32-32-32z\"><\/path><\/svg><\/span>\n\t\t\t\t\t\t\t\t<span class=\"elementor-accordion-icon-opened\"><svg class=\"e-font-icon-svg e-fas-minus\" viewbox=\"0 0 448 512\" xmlns=\"http:\/\/www.w3.org\/2000\/svg\"><path d=\"M416 208H32c-17.67 0-32 14.33-32 32v32c0 17.67 14.33 32 32 32h384c17.67 0 32-14.33 32-32v-32c0-17.67-14.33-32-32-32z\"><\/path><\/svg><\/span>\n\t\t\t\t\t\t\t\t\t\t\t\t\t\t<\/span>\n\t\t\t\t\t\t\t\t\t\t\t\t<a class=\"elementor-accordion-title\" tabindex=\"0\">Der General-de-Gaulle-Platz<\/a>\n\t\t\t\t\t<\/div>\n\t\t\t\t\t<div id=\"elementor-tab-content-2298\" class=\"elementor-tab-content elementor-clearfix\" data-tab=\"8\" role=\"region\" aria-labelledby=\"elementor-tab-title-2298\">        <ul>\n            <li><a href=\"https:\/\/www.citivia.fr\/fr\/actualites\/inauguration-du-square-du-general-de-gaulle\" target=\"_blank\" rel=\"noopener\">https:\/\/www.citivia.fr\/fr\/actualites\/inauguration-du-square-du-general-de-gaulle<\/a><\/li>\n            <li><a href=\"https:\/\/www.mplusinfo.fr\/square-du-general-de-gaulle-ce-square-est-le-votre-mulhouse\/\" target=\"_blank\" rel=\"noopener\">https:\/\/www.mplusinfo.fr\/square-du-general-de-gaulle-ce-square-est-le-votre-mulhouse\/<\/a><\/li>\n            <li><a href=\"https:\/\/www.lalsace.fr\/environnement\/2022\/10\/27\/square-de-gaulle-a-mulhouse-dernieres-plantations-avant-ouverture\" target=\"_blank\" rel=\"noopener\">https:\/\/www.lalsace.fr\/environnement\/2022\/10\/27\/square-de-gaulle-a-mulhouse-dernieres-plantations-avant-ouverture<\/a><\/li>\n        <\/ul><\/div>\n\t\t\t\t<\/div>\n\t\t\t\t\t\t\t<div class=\"elementor-accordion-item\">\n\t\t\t\t\t<div id=\"elementor-tab-title-2299\" class=\"elementor-tab-title\" data-tab=\"9\" role=\"button\" aria-controls=\"elementor-tab-content-2299\" aria-expanded=\"false\">\n\t\t\t\t\t\t\t\t\t\t\t\t\t<span class=\"elementor-accordion-icon elementor-accordion-icon-right\" aria-hidden=\"true\">\n\t\t\t\t\t\t\t\t\t\t\t\t\t\t\t<span class=\"elementor-accordion-icon-closed\"><svg class=\"e-font-icon-svg e-fas-plus\" viewbox=\"0 0 448 512\" xmlns=\"http:\/\/www.w3.org\/2000\/svg\"><path d=\"M416 208H272V64c0-17.67-14.33-32-32-32h-32c-17.67 0-32 14.33-32 32v144H32c-17.67 0-32 14.33-32 32v32c0 17.67 14.33 32 32 32h144v144c0 17.67 14.33 32 32 32h32c17.67 0 32-14.33 32-32V304h144c17.67 0 32-14.33 32-32v-32c0-17.67-14.33-32-32-32z\"><\/path><\/svg><\/span>\n\t\t\t\t\t\t\t\t<span class=\"elementor-accordion-icon-opened\"><svg class=\"e-font-icon-svg e-fas-minus\" viewbox=\"0 0 448 512\" xmlns=\"http:\/\/www.w3.org\/2000\/svg\"><path d=\"M416 208H32c-17.67 0-32 14.33-32 32v32c0 17.67 14.33 32 32 32h384c17.67 0 32-14.33 32-32v-32c0-17.67-14.33-32-32-32z\"><\/path><\/svg><\/span>\n\t\t\t\t\t\t\t\t\t\t\t\t\t\t<\/span>\n\t\t\t\t\t\t\t\t\t\t\t\t<a class=\"elementor-accordion-title\" tabindex=\"0\">Steinbachpark<\/a>\n\t\t\t\t\t<\/div>\n\t\t\t\t\t<div id=\"elementor-tab-content-2299\" class=\"elementor-tab-content elementor-clearfix\" data-tab=\"9\" role=\"region\" aria-labelledby=\"elementor-tab-title-2299\">        <ul>\n            <li><a href=\"https:\/\/www.mulhouse.fr\/bouger-sortir\/parcs-et-jardins\/square-steinbach\/\" target=\"_blank\" rel=\"noopener\">https:\/\/www.mulhouse.fr\/bouger-sortir\/parcs-et-jardins\/square-steinbach\/<\/a><\/li>\n            <li><a href=\"https:\/\/www.visit.alsace\/234005912-parc-steinbach\/\" target=\"_blank\" rel=\"noopener\">https:\/\/www.visit.alsace\/234005912-parc-steinbach\/<\/a><\/li>\n            <li><a href=\"https:\/\/www.tourisme-mulhouse.com\/offres\/parc-steinbach-mulhouse-fr-3839807\/\" target=\"_blank\" rel=\"noopener\">https:\/\/www.tourisme-mulhouse.com\/offres\/parc-steinbach-mulhouse-fr-3839807\/<\/a><\/li>\n        <\/ul><\/div>\n\t\t\t\t<\/div>\n\t\t\t\t\t\t\t<div class=\"elementor-accordion-item\">\n\t\t\t\t\t<div id=\"elementor-tab-title-22910\" class=\"elementor-tab-title\" data-tab=\"10\" role=\"button\" aria-controls=\"elementor-tab-content-22910\" aria-expanded=\"false\">\n\t\t\t\t\t\t\t\t\t\t\t\t\t<span class=\"elementor-accordion-icon elementor-accordion-icon-right\" aria-hidden=\"true\">\n\t\t\t\t\t\t\t\t\t\t\t\t\t\t\t<span class=\"elementor-accordion-icon-closed\"><svg class=\"e-font-icon-svg e-fas-plus\" viewbox=\"0 0 448 512\" xmlns=\"http:\/\/www.w3.org\/2000\/svg\"><path d=\"M416 208H272V64c0-17.67-14.33-32-32-32h-32c-17.67 0-32 14.33-32 32v144H32c-17.67 0-32 14.33-32 32v32c0 17.67 14.33 32 32 32h144v144c0 17.67 14.33 32 32 32h32c17.67 0 32-14.33 32-32V304h144c17.67 0 32-14.33 32-32v-32c0-17.67-14.33-32-32-32z\"><\/path><\/svg><\/span>\n\t\t\t\t\t\t\t\t<span class=\"elementor-accordion-icon-opened\"><svg class=\"e-font-icon-svg e-fas-minus\" viewbox=\"0 0 448 512\" xmlns=\"http:\/\/www.w3.org\/2000\/svg\"><path d=\"M416 208H32c-17.67 0-32 14.33-32 32v32c0 17.67 14.33 32 32 32h384c17.67 0 32-14.33 32-32v-32c0-17.67-14.33-32-32-32z\"><\/path><\/svg><\/span>\n\t\t\t\t\t\t\t\t\t\t\t\t\t\t<\/span>\n\t\t\t\t\t\t\t\t\t\t\t\t<a class=\"elementor-accordion-title\" tabindex=\"0\">Jean WAGNER Soziokulturelles Zentrum<\/a>\n\t\t\t\t\t<\/div>\n\t\t\t\t\t<div id=\"elementor-tab-content-22910\" class=\"elementor-tab-content elementor-clearfix\" data-tab=\"10\" role=\"region\" aria-labelledby=\"elementor-tab-title-22910\"><ul>\n \t<li><a href=\"https:\/\/www.cscjeanwagner.org\/\" target=\"_blank\" rel=\"noopener\">https:\/\/www.cscjeanwagner.org\/<\/a><\/li>\n \t<li><a href=\"https:\/\/www.jds.fr\/mulhouse\/centre-socio-culturel\/centre-socioculturel-jean-wagner-l-origami-8064_L\" target=\"_blank\" rel=\"noopener\">https:\/\/www.jds.fr\/mulhouse\/centre-socio-culturel\/centre-socioculturel-jean-wagner-l-origami-8064_L<\/a><\/li>\n \t<li><a href=\"https:\/\/www.muuuz.com\/magazine\/rubriques\/architecture\/3458-paul-le-quernec-origami%2C-centre-socio-culturel-%C3%A0-mulhouse.html\" target=\"_blank\" rel=\"noopener\">https:\/\/www.muuuz.com\/magazine\/rubriques\/architecture\/3458-paul-le-quernec-origami%2C-centre-socio-culturel-%C3%A0-mulhouse.html<\/a><\/li>\n \t<li><a href=\"https:\/\/www.francebleu.fr\/loisirs\/evenements\/mercredi-16-decembre-journee-c-est-mon-quartier-direction-l-eco-quartier-wagner-mulhouse\" target=\"_blank\" rel=\"noopener\">https:\/\/www.francebleu.fr\/loisirs\/evenements\/mercredi-16-decembre-journee-c-est-mon-quartier-direction-l-eco-quartier-wagner-mulhouse<\/a><\/li>\n \t<li><a href=\"https:\/\/www.batiactu.com\/edito\/un-centre-culturel-multicolore-a-mulhouse-36876.php\" target=\"_blank\" rel=\"noopener\">https:\/\/www.batiactu.com\/edito\/un-centre-culturel-multicolore-a-mulhouse-36876.php<\/a><\/li>\n<\/ul><\/div>\n\t\t\t\t<\/div>\n\t\t\t\t\t\t\t<div class=\"elementor-accordion-item\">\n\t\t\t\t\t<div id=\"elementor-tab-title-22911\" class=\"elementor-tab-title\" data-tab=\"11\" role=\"button\" aria-controls=\"elementor-tab-content-22911\" aria-expanded=\"false\">\n\t\t\t\t\t\t\t\t\t\t\t\t\t<span class=\"elementor-accordion-icon elementor-accordion-icon-right\" aria-hidden=\"true\">\n\t\t\t\t\t\t\t\t\t\t\t\t\t\t\t<span class=\"elementor-accordion-icon-closed\"><svg class=\"e-font-icon-svg e-fas-plus\" viewbox=\"0 0 448 512\" xmlns=\"http:\/\/www.w3.org\/2000\/svg\"><path d=\"M416 208H272V64c0-17.67-14.33-32-32-32h-32c-17.67 0-32 14.33-32 32v144H32c-17.67 0-32 14.33-32 32v32c0 17.67 14.33 32 32 32h144v144c0 17.67 14.33 32 32 32h32c17.67 0 32-14.33 32-32V304h144c17.67 0 32-14.33 32-32v-32c0-17.67-14.33-32-32-32z\"><\/path><\/svg><\/span>\n\t\t\t\t\t\t\t\t<span class=\"elementor-accordion-icon-opened\"><svg class=\"e-font-icon-svg e-fas-minus\" viewbox=\"0 0 448 512\" xmlns=\"http:\/\/www.w3.org\/2000\/svg\"><path d=\"M416 208H32c-17.67 0-32 14.33-32 32v32c0 17.67 14.33 32 32 32h384c17.67 0 32-14.33 32-32v-32c0-17.67-14.33-32-32-32z\"><\/path><\/svg><\/span>\n\t\t\t\t\t\t\t\t\t\t\t\t\t\t<\/span>\n\t\t\t\t\t\t\t\t\t\t\t\t<a class=\"elementor-accordion-title\" tabindex=\"0\">Soziokulturelles Zentrum Bel Air<\/a>\n\t\t\t\t\t<\/div>\n\t\t\t\t\t<div id=\"elementor-tab-content-22911\" class=\"elementor-tab-content elementor-clearfix\" data-tab=\"11\" role=\"region\" aria-labelledby=\"elementor-tab-title-22911\"><ul>\n \t<li><a href=\"https:\/\/centrebelair.fr\/\" target=\"_blank\" rel=\"noopener\">https:\/\/centrebelair.fr\/<\/a><\/li>\n \t<li><a href=\"https:\/\/www.facebook.com\/centrebelair\" target=\"_blank\" rel=\"noopener\">https:\/\/www.facebook.com\/centrebelair<\/a><\/li>\n \t<li><a href=\"https:\/\/www.jds.fr\/mulhouse\/centre-socio-culturel\/csc-bel-air-mulhouse-447_L\" target=\"_blank\" rel=\"noopener\">https:\/\/www.jds.fr\/mulhouse\/centre-socio-culturel\/csc-bel-air-mulhouse-447_L<\/a><\/li>\n \t<li><a href=\"https:\/\/www.alterpresse68.info\/2016\/12\/08\/cinema-bel-air-de-mulhouse-va-sagrandir\/\" target=\"_blank\" rel=\"noopener\">https:\/\/www.alterpresse68.info\/2016\/12\/08\/cinema-bel-air-de-mulhouse-va-sagrandir\/<\/a><\/li>\n<\/ul><\/div>\n\t\t\t\t<\/div>\n\t\t\t\t\t\t\t<div class=\"elementor-accordion-item\">\n\t\t\t\t\t<div id=\"elementor-tab-title-22912\" class=\"elementor-tab-title\" data-tab=\"12\" role=\"button\" aria-controls=\"elementor-tab-content-22912\" aria-expanded=\"false\">\n\t\t\t\t\t\t\t\t\t\t\t\t\t<span class=\"elementor-accordion-icon elementor-accordion-icon-right\" aria-hidden=\"true\">\n\t\t\t\t\t\t\t\t\t\t\t\t\t\t\t<span class=\"elementor-accordion-icon-closed\"><svg class=\"e-font-icon-svg e-fas-plus\" viewbox=\"0 0 448 512\" xmlns=\"http:\/\/www.w3.org\/2000\/svg\"><path d=\"M416 208H272V64c0-17.67-14.33-32-32-32h-32c-17.67 0-32 14.33-32 32v144H32c-17.67 0-32 14.33-32 32v32c0 17.67 14.33 32 32 32h144v144c0 17.67 14.33 32 32 32h32c17.67 0 32-14.33 32-32V304h144c17.67 0 32-14.33 32-32v-32c0-17.67-14.33-32-32-32z\"><\/path><\/svg><\/span>\n\t\t\t\t\t\t\t\t<span class=\"elementor-accordion-icon-opened\"><svg class=\"e-font-icon-svg e-fas-minus\" viewbox=\"0 0 448 512\" xmlns=\"http:\/\/www.w3.org\/2000\/svg\"><path d=\"M416 208H32c-17.67 0-32 14.33-32 32v32c0 17.67 14.33 32 32 32h384c17.67 0 32-14.33 32-32v-32c0-17.67-14.33-32-32-32z\"><\/path><\/svg><\/span>\n\t\t\t\t\t\t\t\t\t\t\t\t\t\t<\/span>\n\t\t\t\t\t\t\t\t\t\t\t\t<a class=\"elementor-accordion-title\" tabindex=\"0\">La Filature<\/a>\n\t\t\t\t\t<\/div>\n\t\t\t\t\t<div id=\"elementor-tab-content-22912\" class=\"elementor-tab-content elementor-clearfix\" data-tab=\"12\" role=\"region\" aria-labelledby=\"elementor-tab-title-22912\"><ul>\n    <li><a href=\"https:\/\/www.tourisme-mulhouse.com\/offres\/la-filature-scene-nationale-mulhouse-fr-3839590\/\" target=\"_blank\" rel=\"noopener\">https:\/\/www.tourisme-mulhouse.com\/offres\/la-filature-scene-nationale-mulhouse-fr-3839590\/<\/a><\/li>\n    <li><a href=\"https:\/\/68.agendaculturel.fr\/jeune-public\/mulhouse\/\" target=\"_blank\" rel=\"noopener\">https:\/\/68.agendaculturel.fr\/jeune-public\/mulhouse\/<\/a><\/li>\n    <li><a href=\"https:\/\/www.lafilature.org\/\" target=\"_blank\" rel=\"noopener\">https:\/\/www.lafilature.org\/<\/a><\/li>\n    <li><a href=\"https:\/\/naja21.com\/espace-journal\/le-theatre-la-filature-a-la-reconquete-de-mulhouse\/\" target=\"_blank\" rel=\"noopener\">https:\/\/naja21.com\/espace-journal\/le-theatre-la-filature-a-la-reconquete-de-mulhouse\/<\/a><\/li>\n    <li><a href=\"https:\/\/www.mplusinfo.fr\/sortir-a-mulhouse\/journees-du-patrimoine-2020-a-la-filature\/\" target=\"_blank\" rel=\"noopener\">https:\/\/www.mplusinfo.fr\/sortir-a-mulhouse\/journees-du-patrimoine-2020-a-la-filature\/<\/a><\/li>\n<\/ul><\/div>\n\t\t\t\t<\/div>\n\t\t\t\t\t\t\t<div class=\"elementor-accordion-item\">\n\t\t\t\t\t<div id=\"elementor-tab-title-22913\" class=\"elementor-tab-title\" data-tab=\"13\" role=\"button\" aria-controls=\"elementor-tab-content-22913\" aria-expanded=\"false\">\n\t\t\t\t\t\t\t\t\t\t\t\t\t<span class=\"elementor-accordion-icon elementor-accordion-icon-right\" aria-hidden=\"true\">\n\t\t\t\t\t\t\t\t\t\t\t\t\t\t\t<span class=\"elementor-accordion-icon-closed\"><svg class=\"e-font-icon-svg e-fas-plus\" viewbox=\"0 0 448 512\" xmlns=\"http:\/\/www.w3.org\/2000\/svg\"><path d=\"M416 208H272V64c0-17.67-14.33-32-32-32h-32c-17.67 0-32 14.33-32 32v144H32c-17.67 0-32 14.33-32 32v32c0 17.67 14.33 32 32 32h144v144c0 17.67 14.33 32 32 32h32c17.67 0 32-14.33 32-32V304h144c17.67 0 32-14.33 32-32v-32c0-17.67-14.33-32-32-32z\"><\/path><\/svg><\/span>\n\t\t\t\t\t\t\t\t<span class=\"elementor-accordion-icon-opened\"><svg class=\"e-font-icon-svg e-fas-minus\" viewbox=\"0 0 448 512\" xmlns=\"http:\/\/www.w3.org\/2000\/svg\"><path d=\"M416 208H32c-17.67 0-32 14.33-32 32v32c0 17.67 14.33 32 32 32h384c17.67 0 32-14.33 32-32v-32c0-17.67-14.33-32-32-32z\"><\/path><\/svg><\/span>\n\t\t\t\t\t\t\t\t\t\t\t\t\t\t<\/span>\n\t\t\t\t\t\t\t\t\t\t\t\t<a class=\"elementor-accordion-title\" tabindex=\"0\">Der Zoologische und Botanische Garten<\/a>\n\t\t\t\t\t<\/div>\n\t\t\t\t\t<div id=\"elementor-tab-content-22913\" class=\"elementor-tab-content elementor-clearfix\" data-tab=\"13\" role=\"region\" aria-labelledby=\"elementor-tab-title-22913\"><ul>\n    <li>Par Arnaud 25 \u2014 Travail personnel, <a href=\"https:\/\/creativecommons.org\/licenses\/by-sa\/3.0\" target=\"_blank\" rel=\"noopener\">CC BY-SA 3.0<\/a>, <a href=\"https:\/\/commons.wikimedia.org\/w\/index.php?curid=27856095\" target=\"_blank\" rel=\"noopener\">https:\/\/commons.wikimedia.org\/w\/index.php?curid=27856095<\/a><\/li>\n    <li>Par Cette photo a \u00e9t\u00e9 prise par Andr\u00e9 ALLIOT. \u2014 Travail personnel, <a href=\"https:\/\/creativecommons.org\/publicdomain\/zero\/1.0\/deed.fr\" target=\"_blank\" rel=\"noopener\">CC0<\/a>, <a href=\"https:\/\/commons.wikimedia.org\/w\/index.php?curid=75626556\" target=\"_blank\" rel=\"noopener\">https:\/\/commons.wikimedia.org\/w\/index.php?curid=75626556<\/a><\/li>\n    <li>Par Cette photo a \u00e9t\u00e9 prise par Andr\u00e9 ALLIOT. \u2014 Travail personnel, <a href=\"https:\/\/creativecommons.org\/publicdomain\/zero\/1.0\/deed.fr\" target=\"_blank\" rel=\"noopener\">CC0<\/a>, <a href=\"https:\/\/commons.wikimedia.org\/w\/index.php?curid=71084377\" target=\"_blank\" rel=\"noopener\">https:\/\/commons.wikimedia.org\/w\/index.php?curid=71084377<\/a><\/li>\n    <li>Par Cette photo a \u00e9t\u00e9 prise par Andr\u00e9 ALLIOT. \u2014 Travail personnel, <a href=\"https:\/\/creativecommons.org\/publicdomain\/zero\/1.0\/deed.fr\" target=\"_blank\" rel=\"noopener\">CC0<\/a>, <a href=\"https:\/\/commons.wikimedia.org\/w\/index.php?curid=73394827\" target=\"_blank\" rel=\"noopener\">https:\/\/commons.wikimedia.org\/w\/index.php?curid=73394827<\/a><\/li>\n    <li>Par Photographie Andr\u00e9 ALLIOT \u2014 Travail personnel, <a href=\"https:\/\/creativecommons.org\/publicdomain\/zero\/1.0\/deed.fr\" target=\"_blank\" rel=\"noopener\">CC0<\/a>, <a href=\"https:\/\/commons.wikimedia.org\/w\/index.php?curid=92823424\" target=\"_blank\" rel=\"noopener\">https:\/\/commons.wikimedia.org\/w\/index.php?curid=92823424<\/a><\/li>\n    <li>Par Cette photo a \u00e9t\u00e9 prise par Andr\u00e9 ALLIOT. \u2014 Travail personnel, <a href=\"https:\/\/creativecommons.org\/publicdomain\/zero\/1.0\/deed.fr\" target=\"_blank\" rel=\"noopener\">CC0<\/a>, <a href=\"https:\/\/commons.wikimedia.org\/w\/index.php?curid=75215864\" target=\"_blank\" rel=\"noopener\">https:\/\/commons.wikimedia.org\/w\/index.php?curid=75215864<\/a><\/li>\n    <li>Par Andr\u00e9 ALLIOT \u2014 Travail personnel, <a href=\"https:\/\/creativecommons.org\/publicdomain\/zero\/1.0\/deed.fr\" target=\"_blank\" rel=\"noopener\">CC0<\/a>, <a href=\"https:\/\/commons.wikimedia.org\/w\/index.php?curid=75863648\" target=\"_blank\" rel=\"noopener\">https:\/\/commons.wikimedia.org\/w\/index.php?curid=75863648<\/a><\/li>\n    <li>Par L\u00e9odras \u2014 Travail personnel, <a href=\"https:\/\/creativecommons.org\/licenses\/by-sa\/4.0\/\" target=\"_blank\" rel=\"noopener\">CC BY-SA 4.0<\/a>, <a href=\"https:\/\/commons.wikimedia.org\/w\/index.php?curid=49868287\" target=\"_blank\" rel=\"noopener\">https:\/\/commons.wikimedia.org\/w\/index.php?curid=49868287<\/a><\/li>\n    <li>Par Mulhouseville \u2014 Travail personnel, <a href=\"https:\/\/creativecommons.org\/licenses\/by-sa\/3.0\/\" target=\"_blank\" rel=\"noopener\">CC BY-SA 3.0<\/a>, <a href=\"https:\/\/commons.wikimedia.org\/w\/index.php?curid=30995306\" target=\"_blank\" rel=\"noopener\">https:\/\/commons.wikimedia.org\/w\/index.php?curid=30995306<\/a><\/li>\n    <li>Par grego1402 \u2014 <a href=\"https:\/\/creativecommons.org\/licenses\/by\/2.0\/\" target=\"_blank\" rel=\"noopener\">CC BY 2.0<\/a>, <a href=\"https:\/\/www.flickr.com\/photos\/grego1402\/14205320994\/in\/photolist-nDgZ2u-4RSpkh-9JHco-nBfQQA-nD36Ck-nD6URJ-9JHfz-nuBPXA-9JHbV-FXqA7-4RSpyy-4RNefi-4RNcRK-nngpsS-4RSxq3-4RSngo-4RSmrw-4RStDs-nk9J8A-9JHpC-9JHeM-9JHf7-9JHgd-9JHdS-4RNj9V-nmNnKF-4RNcD4-4RNm3Z-9JHqt-nmMKFh-4RSoMd-FXsHU-4T8ytJ-h7aqwg-h79fC3-q9ip8x-6fCawC-4RSv3E-bZA1hS-4RSxNh-pfDNhh-4RSnG9-nF6rXH-nmWBEJ-4RSnUQ-4RSw5Q-4RSmTy-q9im7c-rM2vBR-ndPfBw\" target=\"_blank\" rel=\"noopener\">Source<\/a>, <a href=\"https:\/\/commons.wikimedia.org\/w\/index.php?curid=49408615\" target=\"_blank\" rel=\"noopener\">https:\/\/commons.wikimedia.org\/w\/index.php?curid=49408615<\/a><\/li>\n    <li>Par Arnaud 25 \u2014 Travail personnel, <a href=\"https:\/\/creativecommons.org\/licenses\/by-sa\/3.0\" target=\"_blank\" rel=\"noopener\">CC BY-SA 3.0<\/a>, <a href=\"https:\/\/commons.wikimedia.org\/w\/index.php?curid=27856004\" target=\"_blank\" rel=\"noopener\">https:\/\/commons.wikimedia.org\/w\/index.php?curid=27856004<\/a><\/li>\n    <li>Par Nicolas Torquet \u2014 <a href=\"https:\/\/creativecommons.org\/licenses\/by-sa\/2.0\/\" target=\"_blank\" rel=\"noopener\">CC BY-SA 2.0<\/a>, <a href=\"https:\/\/www.flickr.com\/photos\/106274573@N04\/24211812030\/\" target=\"_blank\" rel=\"noopener\">Source<\/a>, <a href=\"https:\/\/commons.wikimedia.org\/w\/index.php?curid=49408613\" target=\"_blank\" rel=\"noopener\">https:\/\/commons.wikimedia.org\/w\/index.php?curid=49408613<\/a><\/li>\n    <li>Par Mulhouseville \u2014 Travail personnel, <a href=\"https:\/\/creativecommons.org\/licenses\/by-sa\/3.0\/\" target=\"_blank\" rel=\"noopener\">CC BY-SA 3.0<\/a>, <a href=\"https:\/\/commons.wikimedia.org\/w\/index.php?curid=30995305\" target=\"_blank\" rel=\"noopener\">https:\/\/commons.wikimedia.org\/w\/index.php?curid=30995305<\/a><\/li>\n    <li>Par grego1402 \u2014 <a href=\"https:\/\/creativecommons.org\/licenses\/by\/2.0\/\" target=\"_blank\" rel=\"noopener\">CC BY 2.0<\/a>, <a href=\"https:\/\/www.flickr.com\/photos\/grego1402\/14205146834\/\" target=\"_blank\" rel=\"noopener\">Source<\/a>, <a href=\"https:\/\/commons.wikimedia.org\/w\/index.php?curid=49408614\" target=\"_blank\" rel=\"noopener\">https:\/\/commons.wikimedia.org\/w\/index.php?curid=49408614<\/a><\/li>\n    <li>Par Mulhouseville \u2014 Travail personnel, <a href=\"https:\/\/creativecommons.org\/licenses\/by-sa\/3.0\/\" target=\"_blank\" rel=\"noopener\">CC BY-SA 3.0<\/a>, <a href=\"https:\/\/commons.wikimedia.org\/w\/index.php?curid=30996286\" target=\"_blank\" rel=\"noopener\">https:\/\/commons.wikimedia.org\/w\/index.php?curid=30996286<\/a><\/li>\n    <li>Par Mulhouseville \u2014 Travail personnel, <a href=\"https:\/\/creativecommons.org\/licenses\/by-sa\/3.0\/\" target=\"_blank\" rel=\"noopener\">CC BY-SA 3.0<\/a>, <a href=\"https:\/\/commons.wikimedia.org\/w\/index.php?curid=30996283\" target=\"_blank\" rel=\"noopener\">https:\/\/commons.wikimedia.org\/w\/index.php?curid=30996283<\/a><\/li>\n    <li>Par Mulhouseville \u2014 Travail personnel, <a href=\"https:\/\/creativecommons.org\/licenses\/by-sa\/3.0\/\" target=\"_blank\" rel=\"noopener\">CC BY-SA 3.0<\/a>, <a href=\"https:\/\/commons.wikimedia.org\/w\/index.php?curid=30996275\" target=\"_blank\" rel=\"noopener\">https:\/\/commons.wikimedia.org\/w\/index.php?curid=30996275<\/a><\/li>\n    <li>Par Cette photo a \u00e9t\u00e9 prise par Andr\u00e9 ALLIOT. \u2014 Travail personnel, <a href=\"https:\/\/creativecommons.org\/publicdomain\/zero\/1.0\/deed.fr\" target=\"_blank\" rel=\"noopener\">CC0<\/a>, <a href=\"https:\/\/commons.wikimedia.org\/w\/index.php?curid=70342597\" target=\"_blank\" rel=\"noopener\">https:\/\/commons.wikimedia.org\/w\/index.php?curid=70342597<\/a><\/li>\n    <li>Par Cette photo a \u00e9t\u00e9 prise par Andr\u00e9 ALLIOT. \u2014 Travail personnel, <a href=\"https:\/\/creativecommons.org\/publicdomain\/zero\/1.0\/deed.fr\" target=\"_blank\" rel=\"noopener\">CC0<\/a>, <a href=\"https:\/\/commons.wikimedia.org\/w\/index.php?curid=70164855\" target=\"_blank\" rel=\"noopener\">https:\/\/commons.wikimedia.org\/w\/index.php?curid=70164855<\/a><\/li>\n    <li>Par Cette photo a \u00e9t\u00e9 prise par Andr\u00e9 ALLIOT. \u2014 Travail personnel, <a href=\"https:\/\/creativecommons.org\/publicdomain\/zero\/1.0\/deed.fr\" target=\"_blank\" rel=\"noopener\">CC0<\/a>, <a href=\"https:\/\/commons.wikimedia.org\/w\/index.php?curid=74031408\" target=\"_blank\" rel=\"noopener\">https:\/\/commons.wikimedia.org\/w\/index.php?curid=74031408<\/a><\/li>\n    <li>Par Mulhouseville \u2014 Travail personnel, <a href=\"https:\/\/creativecommons.org\/licenses\/by-sa\/3.0\/\" target=\"_blank\" rel=\"noopener\">CC BY-SA 3.0<\/a>, <a href=\"https:\/\/commons.wikimedia.org\/w\/index.php?curid=30995309\" target=\"_blank\" rel=\"noopener\">https:\/\/commons.wikimedia.org\/w\/index.php?curid=30995309<\/a><\/li>\n    <li>Par Mulhouseville \u2014 Travail personnel, <a href=\"https:\/\/creativecommons.org\/licenses\/by-sa\/3.0\/\" target=\"_blank\" rel=\"noopener\">CC BY-SA 3.0<\/a>, <a href=\"https:\/\/commons.wikimedia.org\/w\/index.php?curid=30995312\" target=\"_blank\" rel=\"noopener\">https:\/\/commons.wikimedia.org\/w\/index.php?curid=30995312<\/a><\/li>\n    <li>Par Mulhouseville \u2014 Travail personnel, <a href=\"https:\/\/creativecommons.org\/licenses\/by-sa\/3.0\/\" target=\"_blank\" rel=\"noopener\">CC BY-SA 3.0<\/a>, <a href=\"https:\/\/commons.wikimedia.org\/w\/index.php?curid=30995303\" target=\"_blank\" rel=\"noopener\">https:\/\/commons.wikimedia.org\/w\/index.php?curid=30995303<\/a><\/li>\n    <li>Par Cette photo a \u00e9t\u00e9 prise par Andr\u00e9 ALLIOT. \u2014 Travail personnel, <a href=\"https:\/\/creativecommons.org\/publicdomain\/zero\/1.0\/deed.fr\" target=\"_blank\" rel=\"noopener\">CC0<\/a>, <a href=\"https:\/\/commons.wikimedia.org\/w\/index.php?curid=71580056\" target=\"_blank\" rel=\"noopener\">https:\/\/commons.wikimedia.org\/w\/index.php?curid=71580056<\/a><\/li>\n    <li>Par Andr\u00e9 ALLIOT \u2014 Travail personnel, <a href=\"https:\/\/creativecommons.org\/licenses\/by-sa\/4.0\/\" target=\"_blank\" rel=\"noopener\">CC BY-SA 4.0<\/a>, <a href=\"https:\/\/commons.wikimedia.org\/w\/index.php?curid=99087449\" target=\"_blank\" rel=\"noopener\">https:\/\/commons.wikimedia.org\/w\/index.php?curid=99087449<\/a><\/li>\n    <li>Par Andr\u00e9 ALLIOT \u2014 Travail personnel, <a href=\"https:\/\/creativecommons.org\/licenses\/by-sa\/4.0\/\" target=\"_blank\" rel=\"noopener\">CC BY-SA 4.0<\/a>, <a href=\"https:\/\/commons.wikimedia.org\/w\/index.php?curid=101280083\" target=\"_blank\" rel=\"noopener\">https:\/\/commons.wikimedia.org\/w\/index.php?curid=101280083<\/a><\/li>\n    <li>Par Cette photo a \u00e9t\u00e9 prise par Andr\u00e9 ALLIOT. \u2014 Travail personnel, <a href=\"https:\/\/creativecommons.org\/publicdomain\/zero\/1.0\/deed.fr\" target=\"_blank\" rel=\"noopener\">CC0<\/a>, <a href=\"https:\/\/commons.wikimedia.org\/w\/index.php?curid=69187466\" target=\"_blank\" rel=\"noopener\">https:\/\/commons.wikimedia.org\/w\/index.php?curid=69187466<\/a><\/li>\n    <li>Par Mulhouseville \u2014 Travail personnel, <a href=\"https:\/\/creativecommons.org\/licenses\/by-sa\/3.0\/\" target=\"_blank\" rel=\"noopener\">CC BY-SA 3.0<\/a>, <a href=\"https:\/\/commons.wikimedia.org\/w\/index.php?curid=30997541\" target=\"_blank\" rel=\"noopener\">https:\/\/commons.wikimedia.org\/w\/index.php?curid=30997541<\/a><\/li>\n    <li>Par Mulhouseville \u2014 Travail personnel, <a href=\"https:\/\/creativecommons.org\/licenses\/by-sa\/3.0\/\" target=\"_blank\" rel=\"noopener\">CC BY-SA 3.0<\/a>, <a href=\"https:\/\/commons.wikimedia.org\/w\/index.php?curid=30997537\" target=\"_blank\" rel=\"noopener\">https:\/\/commons.wikimedia.org\/w\/index.php?curid=30997537<\/a><\/li>\n    <li>Par Florival fr \u2014 Travail personnel, <a href=\"https:\/\/creativecommons.org\/licenses\/by-sa\/4.0\/\" target=\"_blank\" rel=\"noopener\">CC BY-SA 4.0<\/a>, <a href=\"https:\/\/commons.wikimedia.org\/w\/index.php?curid=63382673\" target=\"_blank\" rel=\"noopener\">https:\/\/commons.wikimedia.org\/w\/index.php?curid=63382673<\/a><\/li>\n    <li>Par Florival fr \u2014 Travail personnel, <a href=\"https:\/\/creativecommons.org\/licenses\/by-sa\/4.0\/\" target=\"_blank\" rel=\"noopener\">CC BY-SA 4.0<\/a>, <a href=\"https:\/\/commons.wikimedia.org\/w\/index.php?curid=63382675\" target=\"_blank\" rel=\"noopener\">https:\/\/commons.wikimedia.org\/w\/index.php?curid=63382675<\/a><\/li>\n<\/ul><\/div>\n\t\t\t\t<\/div>\n\t\t\t\t\t\t\t<div class=\"elementor-accordion-item\">\n\t\t\t\t\t<div id=\"elementor-tab-title-22914\" class=\"elementor-tab-title\" data-tab=\"14\" role=\"button\" aria-controls=\"elementor-tab-content-22914\" aria-expanded=\"false\">\n\t\t\t\t\t\t\t\t\t\t\t\t\t<span class=\"elementor-accordion-icon elementor-accordion-icon-right\" aria-hidden=\"true\">\n\t\t\t\t\t\t\t\t\t\t\t\t\t\t\t<span class=\"elementor-accordion-icon-closed\"><svg class=\"e-font-icon-svg e-fas-plus\" viewbox=\"0 0 448 512\" xmlns=\"http:\/\/www.w3.org\/2000\/svg\"><path d=\"M416 208H272V64c0-17.67-14.33-32-32-32h-32c-17.67 0-32 14.33-32 32v144H32c-17.67 0-32 14.33-32 32v32c0 17.67 14.33 32 32 32h144v144c0 17.67 14.33 32 32 32h32c17.67 0 32-14.33 32-32V304h144c17.67 0 32-14.33 32-32v-32c0-17.67-14.33-32-32-32z\"><\/path><\/svg><\/span>\n\t\t\t\t\t\t\t\t<span class=\"elementor-accordion-icon-opened\"><svg class=\"e-font-icon-svg e-fas-minus\" viewbox=\"0 0 448 512\" xmlns=\"http:\/\/www.w3.org\/2000\/svg\"><path d=\"M416 208H32c-17.67 0-32 14.33-32 32v32c0 17.67 14.33 32 32 32h384c17.67 0 32-14.33 32-32v-32c0-17.67-14.33-32-32-32z\"><\/path><\/svg><\/span>\n\t\t\t\t\t\t\t\t\t\t\t\t\t\t<\/span>\n\t\t\t\t\t\t\t\t\t\t\t\t<a class=\"elementor-accordion-title\" tabindex=\"0\">Tour de l'Europe<\/a>\n\t\t\t\t\t<\/div>\n\t\t\t\t\t<div id=\"elementor-tab-content-22914\" class=\"elementor-tab-content elementor-clearfix\" data-tab=\"14\" role=\"region\" aria-labelledby=\"elementor-tab-title-22914\"><ul>\n    <li><a href=\"https:\/\/enjoymulhouse.com\/tour-europe-mulhouse\/\" target=\"_blank\" rel=\"noopener\">https:\/\/enjoymulhouse.com\/tour-europe-mulhouse\/<\/a><\/li>\n    <li><a href=\"https:\/\/www.tourdeleurope.alsace\/\" target=\"_blank\" rel=\"noopener\">https:\/\/www.tourdeleurope.alsace\/<\/a><\/li>\n    <li><a href=\"https:\/\/www.francebleu.fr\/infos\/societe\/mulhouse-les-travaux-vont-debuter-au-restaurant-panoramique-de-la-tour-de-l-europe-9312110\" target=\"_blank\" rel=\"noopener\">https:\/\/www.francebleu.fr\/infos\/societe\/mulhouse-les-travaux-vont-debuter-au-restaurant-panoramique-de-la-tour-de-l-europe-9312110<\/a><\/li>\n    <li><a href=\"https:\/\/www.mplusinfo.fr\/restaurant-de-la-tour-de-leurope-les-travaux-demarrent-mulhouse\/\" target=\"_blank\" rel=\"noopener\">https:\/\/www.mplusinfo.fr\/restaurant-de-la-tour-de-leurope-les-travaux-demarrent-mulhouse\/<\/a><\/li>\n    <li><a href=\"https:\/\/www.agence-evenementielle-innovevents.fr\/location-salle-evenementielle\/mulhouse-haut-rhin-68\/anniversaire-dentreprise\/privatisation-restaurant-mulhouse\/\" target=\"_blank\" rel=\"noopener\">https:\/\/www.agence-evenementielle-innovevents.fr\/location-salle-evenementielle\/mulhouse-haut-rhin-68\/anniversaire-dentreprise\/privatisation-restaurant-mulhouse\/<\/a><\/li>\n    <li><a href=\"https:\/\/france3-regions.francetvinfo.fr\/grand-est\/haut-rhin\/mulhouse\/le-vendeur-du-restaurant-de-la-tour-de-l-europe-condamne-les-travaux-devraient-reprendre-2853203.html\" target=\"_blank\" rel=\"noopener\">https:\/\/france3-regions.francetvinfo.fr\/grand-est\/haut-rhin\/mulhouse\/le-vendeur-du-restaurant-de-la-tour-de-l-europe-condamne-les-travaux-devraient-reprendre-2853203.html<\/a><\/li>\n    <li><a href=\"https:\/\/www.mplusinfo.fr\/tour-de-leurope-la-ville-prend-la-main-mulhouse\/\" target=\"_blank\" rel=\"noopener\">https:\/\/www.mplusinfo.fr\/tour-de-leurope-la-ville-prend-la-main-mulhouse\/<\/a><\/li>\n    <li><a href=\"https:\/\/france3-regions.francetvinfo.fr\/grand-est\/haut-rhin\/mulhouse\/mulhouse-ville-victime-escroquerie-rachat-du-restaurant-tour-europe-1761443.html\" target=\"_blank\" rel=\"noopener\">https:\/\/france3-regions.francetvinfo.fr\/grand-est\/haut-rhin\/mulhouse\/mulhouse-ville-victime-escroquerie-rachat-du-restaurant-tour-europe-1761443.html<\/a><\/li>\n    <li>Philippe Dehennin \u2014 <a href=\"https:\/\/www.flickr.com\/photos\/116313234@N05\/31308628523\" target=\"_blank\" rel=\"noopener\">https:\/\/www.flickr.com\/photos\/116313234@N05\/31308628523<\/a><\/li>\n    <li>Mehdi Boswingel \u2014 <a href=\"http:\/\/www.one-communication.com\/\" target=\"_blank\" rel=\"noopener\">http:\/\/www.one-communication.com\/<\/a><\/li>\n    <li><a href=\"https:\/\/pbase.com\/image\/173455120\/originale.jpeg?fbclid=IwY2xjawFC55ZleHRuA2FlbQIxMAABHYlS0-ogiQn6HlCweSN7WQW5XUE1PClwCIbrlr9l5CgqfpKSCLNkxp7r3Q_aem_V30Hn0ZMqRNfY0CwHRniqA\" target=\"_blank\" rel=\"noopener\">https:\/\/pbase.com\/image\/173455120\/originale.jpeg?fbclid=IwY2xjawFC55ZleHRuA2FlbQIxMAABHYlS0-ogiQn6HlCweSN7WQW5XUE1PClwCIbrlr9l5CgqfpKSCLNkxp7r3Q_aem_V30Hn0ZMqRNfY0CwHRniqA<\/a><\/li>\n<\/ul>\n<\/div>\n\t\t\t\t<\/div>\n\t\t\t\t\t\t\t<div class=\"elementor-accordion-item\">\n\t\t\t\t\t<div id=\"elementor-tab-title-22915\" class=\"elementor-tab-title\" data-tab=\"15\" role=\"button\" aria-controls=\"elementor-tab-content-22915\" aria-expanded=\"false\">\n\t\t\t\t\t\t\t\t\t\t\t\t\t<span class=\"elementor-accordion-icon elementor-accordion-icon-right\" aria-hidden=\"true\">\n\t\t\t\t\t\t\t\t\t\t\t\t\t\t\t<span class=\"elementor-accordion-icon-closed\"><svg class=\"e-font-icon-svg e-fas-plus\" viewbox=\"0 0 448 512\" xmlns=\"http:\/\/www.w3.org\/2000\/svg\"><path d=\"M416 208H272V64c0-17.67-14.33-32-32-32h-32c-17.67 0-32 14.33-32 32v144H32c-17.67 0-32 14.33-32 32v32c0 17.67 14.33 32 32 32h144v144c0 17.67 14.33 32 32 32h32c17.67 0 32-14.33 32-32V304h144c17.67 0 32-14.33 32-32v-32c0-17.67-14.33-32-32-32z\"><\/path><\/svg><\/span>\n\t\t\t\t\t\t\t\t<span class=\"elementor-accordion-icon-opened\"><svg class=\"e-font-icon-svg e-fas-minus\" viewbox=\"0 0 448 512\" xmlns=\"http:\/\/www.w3.org\/2000\/svg\"><path d=\"M416 208H32c-17.67 0-32 14.33-32 32v32c0 17.67 14.33 32 32 32h384c17.67 0 32-14.33 32-32v-32c0-17.67-14.33-32-32-32z\"><\/path><\/svg><\/span>\n\t\t\t\t\t\t\t\t\t\t\t\t\t\t<\/span>\n\t\t\t\t\t\t\t\t\t\t\t\t<a class=\"elementor-accordion-title\" tabindex=\"0\">La Place de la R\u00e9union<\/a>\n\t\t\t\t\t<\/div>\n\t\t\t\t\t<div id=\"elementor-tab-content-22915\" class=\"elementor-tab-content elementor-clearfix\" data-tab=\"15\" role=\"region\" aria-labelledby=\"elementor-tab-title-22915\"><ul>\n    <li><a href=\"https:\/\/www.jds.fr\/mulhouse\/galerie-et-centre-commercial\/place-de-la-reunion-mulhouse-344_L\" target=\"_blank\" rel=\"noopener\">https:\/\/www.jds.fr\/mulhouse\/galerie-et-centre-commercial\/place-de-la-reunion-mulhouse-344_L<\/a><\/li>\n    <li>Par Wladyslaw, <a href=\"https:\/\/creativecommons.org\/licenses\/by-sa\/3.0\/de\/\" target=\"_blank\" rel=\"noopener\">CC BY-SA 3.0 de<\/a>, <a href=\"https:\/\/commons.wikimedia.org\/w\/index.php?curid=9926213\" target=\"_blank\" rel=\"noopener\">https:\/\/commons.wikimedia.org\/w\/index.php?curid=9926213<\/a><\/li>\n    <li>Par Jip\u00e9to \u2014 Travail personnel, Domaine public, <a href=\"https:\/\/commons.wikimedia.org\/w\/index.php?curid=4879581\" target=\"_blank\" rel=\"noopener\">https:\/\/commons.wikimedia.org\/w\/index.php?curid=4879581<\/a><\/li>\n    <li>Par Guiguilacagouille \u2014 Travail personnel, <a href=\"https:\/\/creativecommons.org\/licenses\/by-sa\/3.0\/\" target=\"_blank\" rel=\"noopener\">CC BY-SA 3.0<\/a>, <a href=\"https:\/\/commons.wikimedia.org\/w\/index.php?curid=16375876\" target=\"_blank\" rel=\"noopener\">https:\/\/commons.wikimedia.org\/w\/index.php?curid=16375876<\/a><\/li>\n    <li>Par Jip\u00e9to \u2014 Travail personnel, Domaine public, <a href=\"https:\/\/commons.wikimedia.org\/w\/index.php?curid=4879967\" target=\"_blank\" rel=\"noopener\">https:\/\/commons.wikimedia.org\/w\/index.php?curid=4879967<\/a><\/li>\n    <li><a href=\"https:\/\/mon-grand-est.fr\/place-de-la-reunion-mulhouse\/\" target=\"_blank\" rel=\"noopener\">https:\/\/mon-grand-est.fr\/place-de-la-reunion-mulhouse\/<\/a><\/li>\n    <li><a href=\"https:\/\/www.mrminvest.com\/actifs\/passage-reunion-mulhouse-68\" target=\"_blank\" rel=\"noopener\">https:\/\/www.mrminvest.com\/actifs\/passage-reunion-mulhouse-68<\/a><\/li>\n    <li><a href=\"https:\/\/www.lalsace.fr\/haut-rhin\/2019\/07\/13\/place-de-la-reunion-avant-les-paves-du-bitume-pour-les-voitures\" target=\"_blank\" rel=\"noopener\">https:\/\/www.lalsace.fr\/haut-rhin\/2019\/07\/13\/place-de-la-reunion-avant-les-paves-du-bitume-pour-les-voitures<\/a><\/li>\n    <li><a href=\"https:\/\/www.flickr.com\/photos\/116313234@N05\/14230820720\" target=\"_blank\" rel=\"noopener\">https:\/\/www.flickr.com\/photos\/116313234@N05\/14230820720<\/a><\/li>\n    <li><a href=\"https:\/\/bz-ticket.de\/place-de-la-r-union-mulhouse-f-frankreich\" target=\"_blank\" rel=\"noopener\">https:\/\/bz-ticket.de\/place-de-la-r-union-mulhouse-f-frankreich<\/a><\/li>\n    <li>Gzen92, <a href=\"https:\/\/creativecommons.org\/licenses\/by-sa\/4.0\" target=\"_blank\" rel=\"noopener\">CC BY-SA 4.0<\/a><\/li>\n<\/ul>\n<\/div>\n\t\t\t\t<\/div>\n\t\t\t\t\t\t\t<div class=\"elementor-accordion-item\">\n\t\t\t\t\t<div id=\"elementor-tab-title-22916\" class=\"elementor-tab-title\" data-tab=\"16\" role=\"button\" aria-controls=\"elementor-tab-content-22916\" aria-expanded=\"false\">\n\t\t\t\t\t\t\t\t\t\t\t\t\t<span class=\"elementor-accordion-icon elementor-accordion-icon-right\" aria-hidden=\"true\">\n\t\t\t\t\t\t\t\t\t\t\t\t\t\t\t<span class=\"elementor-accordion-icon-closed\"><svg class=\"e-font-icon-svg e-fas-plus\" viewbox=\"0 0 448 512\" xmlns=\"http:\/\/www.w3.org\/2000\/svg\"><path d=\"M416 208H272V64c0-17.67-14.33-32-32-32h-32c-17.67 0-32 14.33-32 32v144H32c-17.67 0-32 14.33-32 32v32c0 17.67 14.33 32 32 32h144v144c0 17.67 14.33 32 32 32h32c17.67 0 32-14.33 32-32V304h144c17.67 0 32-14.33 32-32v-32c0-17.67-14.33-32-32-32z\"><\/path><\/svg><\/span>\n\t\t\t\t\t\t\t\t<span class=\"elementor-accordion-icon-opened\"><svg class=\"e-font-icon-svg e-fas-minus\" viewbox=\"0 0 448 512\" xmlns=\"http:\/\/www.w3.org\/2000\/svg\"><path d=\"M416 208H32c-17.67 0-32 14.33-32 32v32c0 17.67 14.33 32 32 32h384c17.67 0 32-14.33 32-32v-32c0-17.67-14.33-32-32-32z\"><\/path><\/svg><\/span>\n\t\t\t\t\t\t\t\t\t\t\t\t\t\t<\/span>\n\t\t\t\t\t\t\t\t\t\t\t\t<a class=\"elementor-accordion-title\" tabindex=\"0\">Temple Saint-\u00c9tienne<\/a>\n\t\t\t\t\t<\/div>\n\t\t\t\t\t<div id=\"elementor-tab-content-22916\" class=\"elementor-tab-content elementor-clearfix\" data-tab=\"16\" role=\"region\" aria-labelledby=\"elementor-tab-title-22916\"><ul><li><a href=\"http:\/\/www.templesaintetiennemulhouse.com\/\" target=\"_blank\" rel=\"noopener\">http:\/\/www.templesaintetiennemulhouse.com\/<\/a><\/li><li><a href=\"https:\/\/www.tourisme-mulhouse.com\/groupes\/culture-et-sorties\/temple-saint-etienne\/\" target=\"_blank\" rel=\"noopener\">https:\/\/www.tourisme-mulhouse.com\/groupes\/culture-et-sorties\/temple-saint-etienne\/<\/a><\/li><li>Par Marianne Casamance \u2014 Travail personnel, <a href=\"https:\/\/creativecommons.org\/licenses\/by-sa\/3.0\/\" target=\"_blank\" rel=\"noopener\">CC BY-SA 3.0<\/a>, <a href=\"https:\/\/commons.wikimedia.org\/w\/index.php?curid=21062285\" target=\"_blank\" rel=\"noopener\">https:\/\/commons.wikimedia.org\/w\/index.php?curid=21062285<\/a><\/li><li>Par Fschwarzentruber \u2014 Travail personnel, <a href=\"https:\/\/creativecommons.org\/licenses\/by-sa\/4.0\/\" target=\"_blank\" rel=\"noopener\">CC BY-SA 4.0<\/a>, <a href=\"https:\/\/commons.wikimedia.org\/w\/index.php?curid=50715091\" target=\"_blank\" rel=\"noopener\">https:\/\/commons.wikimedia.org\/w\/index.php?curid=50715091<\/a><\/li><li>Par Fschwarzentruber \u2014 Travail personnel, <a href=\"https:\/\/creativecommons.org\/licenses\/by-sa\/4.0\/\" target=\"_blank\" rel=\"noopener\">CC BY-SA 4.0<\/a>, <a href=\"https:\/\/commons.wikimedia.org\/w\/index.php?curid=50715192\" target=\"_blank\" rel=\"noopener\">https:\/\/commons.wikimedia.org\/w\/index.php?curid=50715192<\/a><\/li><li>Par Fschwarzentruber \u2014 Travail personnel, <a href=\"https:\/\/creativecommons.org\/licenses\/by-sa\/4.0\/\" target=\"_blank\" rel=\"noopener\">CC BY-SA 4.0<\/a>, <a href=\"https:\/\/commons.wikimedia.org\/w\/index.php?curid=50715228\" target=\"_blank\" rel=\"noopener\">https:\/\/commons.wikimedia.org\/w\/index.php?curid=50715228<\/a><\/li><li><a href=\"https:\/\/www.mplusinfo.fr\/temple-saint-etienne-premieres-images-de-linterieur-apres-travaux-mulhouse\/\" target=\"_blank\" rel=\"noopener\">https:\/\/www.mplusinfo.fr\/temple-saint-etienne-premieres-images-de-linterieur-apres-travaux-mulhouse\/<\/a><\/li><li><a href=\"https:\/\/www.tourisme-mulhouse.com\/offres\/visite-guidee-du-temple-saint-etienne-mulhouse-fr-4047372\/\" target=\"_blank\" rel=\"noopener\">https:\/\/www.tourisme-mulhouse.com\/offres\/visite-guidee-du-temple-saint-etienne-mulhouse-fr-4047372\/<\/a><\/li><li>By Florian K. \u2014 Own work, <a href=\"https:\/\/creativecommons.org\/licenses\/by-sa\/3.0\/\" target=\"_blank\" rel=\"noopener\">CC BY-SA 3.0<\/a>, <a href=\"https:\/\/commons.wikimedia.org\/w\/index.php?curid=117590\" target=\"_blank\" rel=\"noopener\">https:\/\/commons.wikimedia.org\/w\/index.php?curid=117590<\/a><\/li><li><a href=\"https:\/\/www.lalsace.fr\/culture-loisirs\/2023\/04\/21\/temple-saint-etienne-de-mulhouse-l-espoir-d-une-ouverture-en-juin\" target=\"_blank\" rel=\"noopener\">https:\/\/www.lalsace.fr\/culture-loisirs\/2023\/04\/21\/temple-saint-etienne-de-mulhouse-l-espoir-d-une-ouverture-en-juin<\/a><\/li><\/ul><\/div>\n\t\t\t\t<\/div>\n\t\t\t\t\t\t\t\t<\/div>\n\t\t\t\t<\/div>\n\t\t\t\t<\/div>\n\t\t\t\t\t<\/div>\n\t\t\t\t<\/div>\n\t\t\t\t<\/div>","protected":false},"excerpt":{"rendered":"<p>Image and Visual Resource Credits Acknowledging the contributors and sources that enrich our site We would like to thank the creators and photographers whose works visually enrich our site. Below, you will find the credits for all images and visual resources used on this site. Each image is accompanied by information about the author, source, [&hellip;]<\/p>","protected":false},"author":1,"featured_media":0,"parent":0,"menu_order":0,"comment_status":"closed","ping_status":"closed","template":"","meta":{"footnotes":""},"class_list":["post-643","page","type-page","status-publish","hentry"],"acf":[],"_links":{"self":[{"href":"https:\/\/exploremulhouse.fr\/de\/wp-json\/wp\/v2\/pages\/643","targetHints":{"allow":["GET"]}}],"collection":[{"href":"https:\/\/exploremulhouse.fr\/de\/wp-json\/wp\/v2\/pages"}],"about":[{"href":"https:\/\/exploremulhouse.fr\/de\/wp-json\/wp\/v2\/types\/page"}],"author":[{"embeddable":true,"href":"https:\/\/exploremulhouse.fr\/de\/wp-json\/wp\/v2\/users\/1"}],"replies":[{"embeddable":true,"href":"https:\/\/exploremulhouse.fr\/de\/wp-json\/wp\/v2\/comments?post=643"}],"version-history":[{"count":73,"href":"https:\/\/exploremulhouse.fr\/de\/wp-json\/wp\/v2\/pages\/643\/revisions"}],"predecessor-version":[{"id":1400,"href":"https:\/\/exploremulhouse.fr\/de\/wp-json\/wp\/v2\/pages\/643\/revisions\/1400"}],"wp:attachment":[{"href":"https:\/\/exploremulhouse.fr\/de\/wp-json\/wp\/v2\/media?parent=643"}],"curies":[{"name":"wp","href":"https:\/\/api.w.org\/{rel}","templated":true}]}}